{"id":7,"date":"2014-05-05T18:56:49","date_gmt":"2014-05-05T16:56:49","guid":{"rendered":"http:\/\/lightstyle.blogg.de\/impressum\/"},"modified":"2014-07-10T18:13:47","modified_gmt":"2014-07-10T16:13:47","slug":"impressum","status":"publish","type":"page","link":"https:\/\/www.light-style.eu\/Blog\/impressum\/","title":{"rendered":"Impressum"},"content":{"rendered":"<p>Impressum<\/p>\n<div id=\"globalboxheadline\">IMPRESSUM<\/div>\n<div id=\"globalboxsubheadline\">Inhaltlich Verantwortlicher<\/div>\n<div id=\"globalsymbol\"><img data-recalc-dims=\"1\" decoding=\"async\" src=\"https:\/\/i0.wp.com\/light-style.eu\/images\/symbol8.png?w=1170\" alt=\"\" \/><\/div>\n<div id=\"globalboxtext\">Angaben gem\u00e4\u00df \u00a7 5 TMG:<b>Fotostudio Light-Style<\/b><br \/>\nAndreas M\u00f6ller<br \/>\nJahnstra\u00dfe 7<br \/>\n63517 Rodenbach<\/p>\n<p>USt-IdNr.: DE243380881<\/p>\n<p>Tel: <span style=\"color: #5ac027;\">(06184) 930505<\/span><br \/>\nE-Mail: <a href=\"mailto:contact@studio-light-style.de\"><span style=\"color: #5ac027;\">contact@studio-light-style.de<\/span><\/a><\/p>\n<p>&nbsp;<\/p>\n<p><b>Haftungsausschluss:<\/b><\/p>\n<p><span style=\"text-decoration: underline;\">Haftung f\u00fcr Inhalte<\/span><\/p>\n<p>Die Inhalte unserer Seiten wurden mit gr\u00f6sster Sorgfalt erstellt. F\u00fcr die Richtigkeit, Vollst\u00e4ndigkeit und Aktualit\u00e4t der Inhalte k\u00f6nnen wir jedoch keine Gew\u00e4hr \u00fcbernehmen. Als Diensteanbieter sind wir gem\u00e4ss \u00a7 7 Abs.1 TMG f\u00fcr eigene Inhalte auf diesen Seiten nach den allgemeinen Gesetzen verantwortlich. Nach \u00a7\u00a7 8 bis 10 TMG sind wir als Diensteanbieter jedoch nicht verpflichtet, \u00fcbermittelte oder gespeicherte fremde Informationen zu \u00fcberwachen oder nach Umst\u00e4nden zu forschen, die auf eine rechtswidrige T\u00e4tigkeit hinweisen. Verpflichtungen zur Entfernung oder Sperrung der Nutzung von Informationen nach den allgemeinen Gesetzen bleiben hiervon unber\u00fchrt. Eine diesbez\u00fcgliche Haftung ist jedoch erst ab dem Zeitpunkt der Kenntnis einer konkreten Rechtsverletzung m\u00f6glich. Bei Bekanntwerden von entsprechenden Rechtsverletzungen werden wir diese Inhalte umgehend entfernen.<\/p>\n<p><span style=\"text-decoration: underline;\">Haftung f\u00fcr Links<\/span><\/p>\n<p>Unser Angebot enth\u00e4lt Links zu externen Webseiten Dritter, auf deren Inhalte wir keinen Einfluss haben. Deshalb k\u00f6nnen wir f\u00fcr diese fremden Inhalte auch keine Gew\u00e4hr \u00fcbernehmen. F\u00fcr die Inhalte der verlinkten Seiten ist stets der jeweilige Anbieter oder Betreiber der Seiten verantwortlich. Die verlinkten Seiten wurden zum Zeitpunkt der Verlinkung auf m\u00f6gliche Rechtsverst\u00f6sse \u00fcberpr\u00fcft. Rechtswidrige Inhalte waren zum Zeitpunkt der Verlinkung nicht erkennbar. Eine permanente inhaltliche Kontrolle der verlinkten Seiten ist jedoch ohne konkrete Anhaltspunkte einer Rechtsverletzung nicht zumutbar. Bei Bekanntwerden von Rechtsverletzungen werden wir derartige Links umgehend entfernen.<\/p>\n<p><span style=\"text-decoration: underline;\">Urheberrecht<\/span><\/p>\n<p>Die durch die Seitenbetreiber erstellten Inhalte und Werke auf diesen Seiten unterliegen dem deutschen Urheberrecht. Die Vervielf\u00e4ltigung, Bearbeitung, Verbreitung und jede Art der Verwertung ausserhalb der Grenzen des Urheberrechtes bed\u00fcrfen der schriftlichen Zustimmung des jeweiligen Autors bzw. Erstellers. Downloads und Kopien dieser Seite sind nur f\u00fcr den privaten, nicht kommerziellen Gebrauch gestattet. Soweit die Inhalte auf dieser Seite nicht vom Betreiber erstellt wurden, werden die Urheberrechte Dritter beachtet. Insbesondere werden Inhalte Dritter als solche gekennzeichnet. Sollten Sie trotzdem auf eine Urheberrechtsverletzung aufmerksam werden, bitten wir um einen entsprechenden Hinweis. Bei Bekanntwerden von Rechtsverletzungen werden wir derartige Inhalte umgehend entfernen.<\/p>\n<p><span style=\"text-decoration: underline;\">Datenschutz<\/span><\/p>\n<p>Die Nutzung unserer Webseite ist in der Regel ohne Angabe personenbezogener Daten m\u00f6glich. Soweit auf unseren Seiten personenbezogene Daten (beispielsweise Name, Anschrift oder eMail-Adressen) erhoben werden, erfolgt dies, soweit m\u00f6glich, stets auf freiwilliger Basis. Diese Daten werden ohne Ihre ausdr\u00fcckliche Zustimmung nicht an Dritte weitergegeben.<\/p>\n<p>Wir weisen darauf hin, dass die Daten\u00fcbertragung im Internet (z.B. bei der Kommunikation per E-Mail) Sicherheitsl\u00fccken aufweisen kann. Ein l\u00fcckenloser Schutz der Daten vor dem Zugriff durch Dritte ist nicht m\u00f6glich.<\/p>\n<p>Der Nutzung von im Rahmen der Impressumspflicht ver\u00f6ffentlichten Kontaktdaten durch Dritte zur \u00fcbersendung von nicht ausdr\u00fccklich angeforderter Werbung und Informationsmaterialien wird hiermit ausdr\u00fccklich widersprochen. Die Betreiber der Seiten behalten sich ausdr\u00fccklich rechtliche Schritte im Falle der unverlangten Zusendung von Werbeinformationen, etwa durch Spam-Mails, vor.<\/p>\n<p><span style=\"text-decoration: underline;\">Verwendung von Facebook Social Plugins<\/span><\/p>\n<p>Unser Internetauftritt verwendet Social Plugins (&#8222;Plugins&#8220;) des sozialen Netzwerkes facebook.com, welches von der Facebook Inc., 1601 S. California Ave, Palo Alto, CA 94304, USA betrieben wird (&#8222;Facebook&#8220;). Die Plugins sind mit einem Facebook Logo oder einem Facebook &#8222;Like&#8220;-Button gekennzeichnet. Wenn Sie eine Webseite unseres Internetauftritts aufrufen, die ein solches Plugin enth\u00e4lt, baut Ihr Browser eine direkte Verbindung mit den Servern von Facebook auf. Der Inhalt des Plugins wird von Facebook direkt an Ihren Browser \u00fcbermittelt und von diesem in die Webseite eingebunden. Durch die Einbindung der Plugins erh\u00e4lt Facebook die Information, dass Sie die entsprechende Seite unseres Internetauftritts aufgerufen haben. Sind Sie bei Facebook eingeloggt kann Facebook den Besuch Ihrem Facebook-Konto zuordnen. Wenn Sie mit den Plugins interagieren, zum Beispiel den &#8222;Gef\u00e4llt mir&#8220; Button bet\u00e4tigen oder einen Kommentar abgeben, wird die entsprechende Information von Ihrem Browser direkt an Facebook \u00fcbermittelt und dort gespeichert. Zweck und Umfang der Datenerhebung und die weitere Verarbeitung und Nutzung der Daten durch Facebook sowie Ihre diesbez\u00fcglichen Rechte und Einstellungsm\u00f6glichkeiten zum Schutz Ihrer Privatssph\u00e4re entnehmen Sie bitte den Datenschutzhinweisen von Facebook. Wenn Sie nicht m\u00f6chten, dass Facebook \u00fcber unseren Internetauftritt Daten \u00fcber Sie sammelt, m\u00fcssen Sie sich vor Ihrem Besuch unseres Internetauftritts bei Facebook ausloggen. Diese Website benutzt Google Analytics, einen Webanalysedienst der Google Inc. (\u201eGoogle\u201c). Google Analytics verwendet sog. \u201eCookies\u201c, Textdateien, die auf Ihrem Computer gespeichert werden und die eine Analyse der Benutzung der Website durch Sie erm\u00f6glichen. Die durch den Cookie erzeugten Informationen \u00fcber Ihre Benutzung dieser Website werden in der Regel an einen Server von Google in den USA \u00fcbertragen und dort gespeichert. Im Falle der Aktivierung der IP-Anonymisierung auf dieser Webseite, wird Ihre IP-Adresse von Google jedoch innerhalb von Mitgliedstaaten der Europ\u00e4ischen Union oder in anderen Vertragsstaaten des Abkommens \u00fcber den Europ\u00e4ischen Wirtschaftsraum zuvor gek\u00fcrzt. Nur in Ausnahmef\u00e4llen wird die volle IP-Adresse an einen Server von Google in den USA \u00fcbertragen und dort gek\u00fcrzt. Im Auftrag des Betreibers dieser Website wird Google diese Informationen benutzen, um Ihre Nutzung der Website auszuwerten, um Reports \u00fcber die Websiteaktivit\u00e4ten zusammenzustellen und um weitere mit der Websitenutzung und der Internetnutzung verbundene Dienstleistungen gegen\u00fcber dem Websitebetreiber zu erbringen. Die im Rahmen von Google Analytics von Ihrem Browser \u00fcbermittelte IP-Adresse wird nicht mit anderen Daten von Google zusammengef\u00fchrt. Sie k\u00f6nnen die Speicherung der Cookies durch eine entsprechende Einstellung Ihrer Browser-Software verhindern; wir weisen Sie jedoch darauf hin, dass Sie in diesem Fall gegebenenfalls nicht s\u00e4mtliche Funktionen dieser Website vollumf\u00e4nglich werden nutzen k\u00f6nnen. Sie k\u00f6nnen dar\u00fcber hinaus die Erfassung der durch das Cookie erzeugten und auf Ihre Nutzung der Website bezogenen Daten (inkl. Ihrer IP-Adresse) an Google sowie die Verarbeitung dieser Daten durch Google verhindern, indem sie das unter dem folgenden Link (http:\/\/tools.google.com\/dlpage\/gaoptout?hl=de) verf\u00fcgbare Browser-Plugin<\/p>\n<\/div>\n<div style='text-align:center' class='yasr-auto-insert-visitor'><!--Yasr Visitor Votes Shortcode--><div id='yasr_visitor_votes_ef898520562e7' class='yasr-visitor-votes'><div class=\"yasr-custom-text-vv-before yasr-custom-text-vv-before-7\">Hat es Dir gefallen?<\/div><div id='yasr-vv-second-row-container-ef898520562e7'\r\n                                        class='yasr-vv-second-row-container'><div id='yasr-visitor-votes-rater-ef898520562e7'\r\n                                      class='yasr-rater-stars-vv'\r\n                                      data-rater-postid='7'\r\n                                      data-rating='0'\r\n                                      data-rater-starsize='32'\r\n                                      data-rater-readonly='false'\r\n                                      data-rater-nonce='59e9d3e8b6'\r\n                                      data-issingular='false'\r\n                                    ><\/div><div class=\"yasr-vv-stats-text-container\" id=\"yasr-vv-stats-text-container-ef898520562e7\"><span id=\"yasr-vv-text-container-ef898520562e7\" class=\"yasr-vv-text-container\">[Total: <span id=\"yasr-vv-votes-number-container-ef898520562e7\">0<\/span> Average: <span id=\"yasr-vv-average-container-ef898520562e7\">0<\/span>]<\/span><\/div><div id='yasr-vv-loader-ef898520562e7' class='yasr-vv-container-loader'><\/div><\/div><div id='yasr-vv-bottom-container-ef898520562e7'\r\n                              class='yasr-vv-bottom-container'\r\n                              style='display:none'><\/div><\/div><!--End Yasr Visitor Votes Shortcode--><\/div>","protected":false},"excerpt":{"rendered":"<p>Impressum IMPRESSUM Inhaltlich Verantwortlicher Angaben gem\u00e4\u00df \u00a7 5 TMG:Fotostudio Light-Style Andreas M\u00f6ller Jahnstra\u00dfe 7 63517 Rodenbach USt-IdNr.: DE243380881 Tel: (06184) 930505 E-Mail: contact@studio-light-style.de &nbsp; Haftungsausschluss: Haftung f\u00fcr Inhalte Die Inhalte unserer Seiten wurden mit gr\u00f6sster Sorgfalt erstellt. F\u00fcr die Richtigkeit, Vollst\u00e4ndigkeit und Aktualit\u00e4t der Inhalte k\u00f6nnen wir jedoch keine Gew\u00e4hr \u00fcbernehmen. Als Diensteanbieter sind wir<span class=\"post-excerpt-end\">&hellip;<\/span><\/p>\n<p class=\"more-link\"><a href=\"https:\/\/www.light-style.eu\/Blog\/impressum\/\" class=\"themebutton\">Read More<\/a><\/p>\n","protected":false},"author":2,"featured_media":0,"parent":0,"menu_order":0,"comment_status":"closed","ping_status":"open","template":"","meta":{"jetpack_post_was_ever_published":false,"yasr_overall_rating":0,"yasr_post_is_review":"","yasr_auto_insert_disabled":"","yasr_review_type":"","footnotes":""},"categories":[],"tags":[],"class_list":["post-7","page","type-page","status-publish","hentry"],"yasr_visitor_votes":{"stars_attributes":{"read_only":false,"span_bottom":false},"number_of_votes":0,"sum_votes":0},"jetpack_sharing_enabled":true,"jetpack_shortlink":"https:\/\/wp.me\/P4Ojrv-7","jetpack-related-posts":[{"id":3463,"url":"https:\/\/www.light-style.eu\/Blog\/impressum\/datenschutzerklaerung\/","url_meta":{"origin":7,"position":0},"title":"Datenschutzerkl\u00e4rung","author":"Andi M\u00f6ller","date":"13. Juni 2018","format":false,"excerpt":"Wer wir sind Die Adresse unserer Website ist: https:\/\/www.light-style.eu\/Blog. Welche personenbezogenen Daten wir sammeln und warum wir sie sammeln Kommentare Wenn Besucher Kommentare auf der Website schreiben, sammeln wir die Daten, die im Kommentar-Formular angezeigt werden, au\u00dferdem die IP-Adresse des Besuchers und den User-Agent-String (damit wird der Browser identifiziert), um\u2026","rel":"","context":"\u00c4hnlicher Beitrag","block_context":{"text":"\u00c4hnlicher Beitrag","link":""},"img":{"alt_text":"","src":"","width":0,"height":0},"classes":[]},{"id":8947,"url":"https:\/\/www.light-style.eu\/Blog\/unsere-fotoshootings-im-studio\/","url_meta":{"origin":7,"position":1},"title":"Unsere Fotoshootings im Studio","author":"Andi M\u00f6ller","date":"15. Mai 2025","format":false,"excerpt":"Klicke auf den jeweiligen Titel, um zur entsprechenden Studioseite zu gelangen. Portr\u00e4t Damit wir genau das richtige Foto f\u00fcr Euch schie\u00dfen, nehmen wir uns immer Zeit f\u00fcr ein kleines Gespr\u00e4ch. So k\u00f6nnen wir herausfinden, was f\u00fcr eine Art Portr\u00e4t am besten zu Euch und dem Anlass passt. Vielf\u00e4ltige Portr\u00e4tstile Individuelle\u2026","rel":"","context":"\u00c4hnlicher Beitrag","block_context":{"text":"\u00c4hnlicher Beitrag","link":""},"img":{"alt_text":"","src":"https:\/\/i0.wp.com\/www.light-style.eu\/Blog\/wp-content\/uploads\/2025\/03\/P25S0102-14.jpg?resize=350%2C200&ssl=1","width":350,"height":200,"srcset":"https:\/\/i0.wp.com\/www.light-style.eu\/Blog\/wp-content\/uploads\/2025\/03\/P25S0102-14.jpg?resize=350%2C200&ssl=1 1x, https:\/\/i0.wp.com\/www.light-style.eu\/Blog\/wp-content\/uploads\/2025\/03\/P25S0102-14.jpg?resize=525%2C300&ssl=1 1.5x, https:\/\/i0.wp.com\/www.light-style.eu\/Blog\/wp-content\/uploads\/2025\/03\/P25S0102-14.jpg?resize=700%2C400&ssl=1 2x"},"classes":[]},{"id":381,"url":"https:\/\/www.light-style.eu\/Blog\/unsere-umfrage\/","url_meta":{"origin":7,"position":2},"title":"Umfrage \/ Gewinnspiel","author":"Andi M\u00f6ller","date":"24. Juli 2014","format":false,"excerpt":"Beantwortet nur die 2 kleinen Fragen was Euch an unseren Fotoarbeiten interessiert, und Ihr k\u00f6nnt an unserem Gewinnspiel teilnehmen und\u00a0 je einen Fotogutschein in H\u00f6he von 100\u20ac \/ 50\u20ac \/ 25\u20ac gewinnen -\u00a0 f\u00fcr alle Fotoshootings bei uns, au\u00dfer Pa\u00df & Bewerbungsfotos. Endet am 15.9.2014 Ich w\u00fcrde mich sehr freuen\u2026","rel":"","context":"\u00c4hnlicher Beitrag","block_context":{"text":"\u00c4hnlicher Beitrag","link":""},"img":{"alt_text":"Gewinnspiel-Gutschein","src":"https:\/\/i0.wp.com\/www.light-style.eu\/Blog\/wp-content\/uploads\/2014\/07\/Gewinnspiel-Gutschein-300x100.jpg?resize=350%2C200&ssl=1","width":350,"height":200},"classes":[]},{"id":6,"url":"https:\/\/www.light-style.eu\/Blog\/meinungen\/","url_meta":{"origin":7,"position":3},"title":"Unsere Google Bewertungen","author":"Andi M\u00f6ller","date":"5. Mai 2014","format":false,"excerpt":"In Zeiten wo Google & Co unsere Suchen beeinflussen, sind Bewertungen f\u00fcr uns Unternehmer enorm wichtig geworden, denn danach entscheidet Google, ob Ihr den Eintrag sehen wollt oder ob er irrelevant ist. \u00a0 Hier seht Ihr nun immer unsere letzten aktuellen Bewertungen bei Google :-) Bewertungen \/ Rezessionen bei Google\u2026","rel":"","context":"Mit 3 Kommentaren","block_context":{"text":"Mit 3 Kommentaren","link":"https:\/\/www.light-style.eu\/Blog\/meinungen\/#comments"},"img":{"alt_text":"","src":"https:\/\/i0.wp.com\/www.light-style.eu\/Blog\/wp-content\/uploads\/2014\/07\/MG_0135_0541Mehlstaub1.jpg?resize=350%2C200&ssl=1","width":350,"height":200,"srcset":"https:\/\/i0.wp.com\/www.light-style.eu\/Blog\/wp-content\/uploads\/2014\/07\/MG_0135_0541Mehlstaub1.jpg?resize=350%2C200&ssl=1 1x, https:\/\/i0.wp.com\/www.light-style.eu\/Blog\/wp-content\/uploads\/2014\/07\/MG_0135_0541Mehlstaub1.jpg?resize=525%2C300&ssl=1 1.5x, https:\/\/i0.wp.com\/www.light-style.eu\/Blog\/wp-content\/uploads\/2014\/07\/MG_0135_0541Mehlstaub1.jpg?resize=700%2C400&ssl=1 2x"},"classes":[]},{"id":8969,"url":"https:\/\/www.light-style.eu\/Blog\/wir-bei-youtube\/","url_meta":{"origin":7,"position":4},"title":"Wir bei YouTube","author":"Andi M\u00f6ller","date":"15. Mai 2025","format":false,"excerpt":"Willkommen auf dem unserem neuen YouTube-Kanal ! Hier landet alles, was einfach zu schade ist, um nur einmal in einer WhatsApp-Gruppe aufzublitzen \u2013 von epischen 12-Sekunden-Kunstwerken bis zu echten Herzensprojekten wie Hochzeiten oder einem Blick hinter die Kulissen. Was dich erwartet? WhatsApp-Shorts, die gute Laune machen Hochzeitsvideos, bei denen nicht\u2026","rel":"","context":"\u00c4hnlicher Beitrag","block_context":{"text":"\u00c4hnlicher Beitrag","link":""},"img":{"alt_text":"","src":"","width":0,"height":0},"classes":[]}],"_links":{"self":[{"href":"https:\/\/www.light-style.eu\/Blog\/wp-json\/wp\/v2\/pages\/7","targetHints":{"allow":["GET"]}}],"collection":[{"href":"https:\/\/www.light-style.eu\/Blog\/wp-json\/wp\/v2\/pages"}],"about":[{"href":"https:\/\/www.light-style.eu\/Blog\/wp-json\/wp\/v2\/types\/page"}],"author":[{"embeddable":true,"href":"https:\/\/www.light-style.eu\/Blog\/wp-json\/wp\/v2\/users\/2"}],"replies":[{"embeddable":true,"href":"https:\/\/www.light-style.eu\/Blog\/wp-json\/wp\/v2\/comments?post=7"}],"version-history":[{"count":0,"href":"https:\/\/www.light-style.eu\/Blog\/wp-json\/wp\/v2\/pages\/7\/revisions"}],"wp:attachment":[{"href":"https:\/\/www.light-style.eu\/Blog\/wp-json\/wp\/v2\/media?parent=7"}],"wp:term":[{"taxonomy":"category","embeddable":true,"href":"https:\/\/www.light-style.eu\/Blog\/wp-json\/wp\/v2\/categories?post=7"},{"taxonomy":"post_tag","embeddable":true,"href":"https:\/\/www.light-style.eu\/Blog\/wp-json\/wp\/v2\/tags?post=7"}],"curies":[{"name":"wp","href":"https:\/\/api.w.org\/{rel}","templated":true}]}}