{"id":8969,"date":"2025-05-15T16:51:53","date_gmt":"2025-05-15T14:51:53","guid":{"rendered":"https:\/\/www.light-style.eu\/Blog\/?page_id=8969"},"modified":"2025-05-15T17:48:01","modified_gmt":"2025-05-15T15:48:01","slug":"wir-bei-youtube","status":"publish","type":"page","link":"https:\/\/www.light-style.eu\/Blog\/wir-bei-youtube\/","title":{"rendered":"Wir bei YouTube"},"content":{"rendered":"\n<p><strong>Willkommen auf dem unserem neuen YouTube-Kanal !<\/strong> <\/p>\n\n\n\n<p>Hier landet alles, was einfach <em>zu schade<\/em> ist, um nur einmal in einer WhatsApp-Gruppe aufzublitzen \u2013 von epischen 12-Sekunden-Kunstwerken bis zu echten Herzensprojekten wie Hochzeiten oder einem Blick hinter die Kulissen.<\/p>\n\n\n\n<p>Was dich erwartet?<\/p>\n\n\n\n<ul class=\"wp-block-list\">\n<li> WhatsApp-Shorts, die gute Laune machen<\/li>\n\n\n\n<li> Hochzeitsvideos, bei denen nicht nur die Kamera feuchte Augen bekommt<\/li>\n\n\n\n<li> Ein Making-of, bei dem du siehst, wie der Wahnsinn entsteht<\/li>\n\n\n\n<li> Und zwischendurch: eine Prise Humor, eine Portion Kreativit\u00e4t und ganz viel Herzblut.<\/li>\n\n\n\n<li>Das eine oder andere Private, denn Urlaub mache ich auch gelegentlich, wird auch seinen Weg hierher finden \ud83d\ude09<\/li>\n<\/ul>\n\n\n\n<p>Kurz gesagt: <em>Licht, Stil und ein Hauch Chaos!<\/em><br \/>Abonnieren nicht vergessen \u2013 wir posten, wenn\u2019s gut ist (oder lustig, oder beides).<\/p>\n\n\n\n<p class=\"has-text-align-right has-white-background-color has-background\">Euer Andi<\/p>\n\n\n<div class=\"wp-block-automatic-youtube-gallery-block\"><div class=\"automatic-youtube-gallery ayg\">\n        <ayg-theme-classic id=\"ayg-e29f4835d6b211c34ad6cf0e29ee6513\" class=\"ayg-theme ayg-theme-classic\" data-params=\"{&quot;uid&quot;:&quot;e29f4835d6b211c34ad6cf0e29ee6513&quot;,&quot;loop&quot;:0,&quot;autoadvance&quot;:1,&quot;player_title&quot;:1,&quot;player_description&quot;:1}\">\n        <div class=\"ayg-player\">\n            <div class=\"ayg-player-container\" style=\"max-width: 100%;\">\n                <ayg-player src=\"https:\/\/www.youtube.com\/embed\/bdC6FeiZkwc?enablejsapi=1&#038;playsinline=1&#038;rel=0&#038;modestbranding=1&#038;iv_load_policy=3&#038;hl=ger%20(B)\" ratio=\"56.25\" title=\"Deine Iris als Kunstwerk - pers\u00f6nlicher gehts kaum noch :-)\" poster=\"https:\/\/i.ytimg.com\/vi\/bdC6FeiZkwc\/maxresdefault.jpg\"><\/ayg-player>           \n            <\/div>\n            <div class=\"ayg-player-caption\">\n                    \n                    <h2 class=\"ayg-player-title\">Deine Iris als Kunstwerk &#8211; pers\u00f6nlicher gehts kaum noch \ud83d\ude42<\/h2>  \n                                  \n                    <ayg-description class=\"ayg-player-description\">Dein Auge als Kunstwerk! Schau Dir an was wir aus Deiner Iris machen, auch gerne mit Effekten.<\/ayg-description>\n                            <\/div>\n        <\/div>\n        <div class=\"ayg-videos ayg-gallery ayg-row\">\n                            <div class=\"ayg-video ayg-video-bdC6FeiZkwc ayg-col ayg-col-3 ayg-col-xs-2 ayg-active\">\n                    <div class=\"ayg-thumbnail\" data-id=\"bdC6FeiZkwc\" data-title=\"Deine Iris als Kunstwerk - pers\u00f6nlicher gehts kaum noch :-)\" data-url=\"\">\n    <div class=\"ayg-thumbnail-media\" style=\"--ayg-image-ratio: 16 \/ 9\">\n        <img data-recalc-dims=\"1\" loading=\"lazy\" src=\"https:\/\/i0.wp.com\/i.ytimg.com\/vi\/bdC6FeiZkwc\/maxresdefault.jpg?resize=1170%2C658&#038;ssl=1\" class=\"ayg-thumbnail-image\" width=\"1170\" height=\"658\" alt=\"Deine Iris als Kunstwerk - pers\u00f6nlicher gehts kaum noch :-)\" decoding=\"async\"\/><div class=\"ayg-thumbnail-now-playing\" style=\"display: none;\">Now Playing<\/div><svg xmlns=\"http:\/\/www.w3.org\/2000\/svg\" fill=\"white\" width=\"40\" height=\"40\" viewBox=\"0 0 24 24\" class=\"ayg-icon ayg-thumbnail-icon-play\" title=\"Play\" aria-label=\"Play\"><path fill-rule=\"evenodd\" d=\"M2.25 12c0-5.385 4.365-9.75 9.75-9.75s9.75 4.365 9.75 9.75-4.365 9.75-9.75 9.75S2.25 17.385 2.25 12Zm14.024-.983a1.125 1.125 0 0 1 0 1.966l-5.603 3.113A1.125 1.125 0 0 1 9 15.113V8.887c0-.857.921-1.4 1.671-.983l5.603 3.113Z\" clip-rule=\"evenodd\" \/><\/svg>        \n    <\/div>\n    <div class=\"ayg-thumbnail-caption\">\n         \n            <div class=\"ayg-thumbnail-title\">Deine Iris als Kunstwerk &#8211; pers\u00f6nlicher gehts kaum noch \ud83d\ude42<\/div>\n         \n                    <div class=\"ayg-thumbnail-excerpt\">Dein Auge als Kunstwerk! Schau Dir an was wir aus Deiner Iris machen, &#8230;<\/div>\n                  \n            <div class=\"ayg-thumbnail-description\" style=\"display: none;\">Dein Auge als Kunstwerk! Schau Dir an was wir aus Deiner Iris machen, auch gerne mit Effekten.<\/div>\n            <\/div>           \n<\/div>                <\/div>\n                            <div class=\"ayg-video ayg-video-2kCgHDohbw4 ayg-col ayg-col-3 ayg-col-xs-2\">\n                    <div class=\"ayg-thumbnail\" data-id=\"2kCgHDohbw4\" data-title=\"Fotowalk  Rodenbach Alzenau 1 26 1\" data-url=\"\">\n    <div class=\"ayg-thumbnail-media\" style=\"--ayg-image-ratio: 16 \/ 9\">\n        <img data-recalc-dims=\"1\" loading=\"lazy\" src=\"https:\/\/i0.wp.com\/i.ytimg.com\/vi\/2kCgHDohbw4\/maxresdefault.jpg?resize=1170%2C658&#038;ssl=1\" class=\"ayg-thumbnail-image\" width=\"1170\" height=\"658\" alt=\"Fotowalk  Rodenbach Alzenau 1 26 1\" decoding=\"async\"\/><div class=\"ayg-thumbnail-now-playing\" style=\"display: none;\">Now Playing<\/div><svg xmlns=\"http:\/\/www.w3.org\/2000\/svg\" fill=\"white\" width=\"40\" height=\"40\" viewBox=\"0 0 24 24\" class=\"ayg-icon ayg-thumbnail-icon-play\" title=\"Play\" aria-label=\"Play\"><path fill-rule=\"evenodd\" d=\"M2.25 12c0-5.385 4.365-9.75 9.75-9.75s9.75 4.365 9.75 9.75-4.365 9.75-9.75 9.75S2.25 17.385 2.25 12Zm14.024-.983a1.125 1.125 0 0 1 0 1.966l-5.603 3.113A1.125 1.125 0 0 1 9 15.113V8.887c0-.857.921-1.4 1.671-.983l5.603 3.113Z\" clip-rule=\"evenodd\" \/><\/svg>        \n    <\/div>\n    <div class=\"ayg-thumbnail-caption\">\n         \n            <div class=\"ayg-thumbnail-title\">Fotowalk  Rodenbach Alzenau 1 26 1<\/div>\n         \n                    <div class=\"ayg-thumbnail-excerpt\">Mal die fr\u00fche warme Sonne am Wochenende genutzt und mit Wanderschuhen &#8230;<\/div>\n                  \n            <div class=\"ayg-thumbnail-description\" style=\"display: none;\"><span class=\"ayg-player-description-less\">Mal die fr\u00fche warme Sonne am Wochenende genutzt und mit Wanderschuhen in unserer Gegend, Alzenau und Rodenbach, die Kamera klicken lassen. Mal mit Macrolinse, mal mit dem 1600mm Ofenrohr.<br \/>\nHoffe Euch <span class=\"ayg-player-description-dots\">&#8230;<\/span><\/span><span class=\"ayg-player-description-more\">gef\u00e4llt das eine oder andere Foto. <br \/>\nEuer Andi<\/span><a href=\"#\" class=\"ayg-player-description-toggle-btn\">Show More<\/a><\/div>\n            <\/div>           \n<\/div>                <\/div>\n                            <div class=\"ayg-video ayg-video-Dc7-0IcZmz0 ayg-col ayg-col-3 ayg-col-xs-2\">\n                    <div class=\"ayg-thumbnail\" data-id=\"Dc7-0IcZmz0\" data-title=\"Dogs in the forrest\" data-url=\"\">\n    <div class=\"ayg-thumbnail-media\" style=\"--ayg-image-ratio: 16 \/ 9\">\n        <img data-recalc-dims=\"1\" loading=\"lazy\" src=\"https:\/\/i0.wp.com\/i.ytimg.com\/vi\/Dc7-0IcZmz0\/maxresdefault.jpg?resize=1170%2C658&#038;ssl=1\" class=\"ayg-thumbnail-image\" width=\"1170\" height=\"658\" alt=\"Dogs in the forrest\" decoding=\"async\"\/><div class=\"ayg-thumbnail-now-playing\" style=\"display: none;\">Now Playing<\/div><svg xmlns=\"http:\/\/www.w3.org\/2000\/svg\" fill=\"white\" width=\"40\" height=\"40\" viewBox=\"0 0 24 24\" class=\"ayg-icon ayg-thumbnail-icon-play\" title=\"Play\" aria-label=\"Play\"><path fill-rule=\"evenodd\" d=\"M2.25 12c0-5.385 4.365-9.75 9.75-9.75s9.75 4.365 9.75 9.75-4.365 9.75-9.75 9.75S2.25 17.385 2.25 12Zm14.024-.983a1.125 1.125 0 0 1 0 1.966l-5.603 3.113A1.125 1.125 0 0 1 9 15.113V8.887c0-.857.921-1.4 1.671-.983l5.603 3.113Z\" clip-rule=\"evenodd\" \/><\/svg>        \n    <\/div>\n    <div class=\"ayg-thumbnail-caption\">\n         \n            <div class=\"ayg-thumbnail-title\">Dogs in the forrest<\/div>\n         \n                    <div class=\"ayg-thumbnail-excerpt\">Wir fotografieren nicht nur im warmen Studio, wir begleiten Euch auch &#8230;<\/div>\n                  \n            <div class=\"ayg-thumbnail-description\" style=\"display: none;\"><span class=\"ayg-player-description-less\">Wir fotografieren nicht nur im warmen Studio, wir begleiten Euch auch sehr gerne drau\u00dfen in der Natur oder an Euren Lieblingspl\u00e4tzen. Egal ob es um Portr\u00e4ts von Dir geht, Deiner <span class=\"ayg-player-description-dots\">&#8230;<\/span><\/span><span class=\"ayg-player-description-more\">Familie, Paarshooting oder Eure lieben Vierbeiner. Fotos mit Spiel &amp; Spa\u00df. \ud83d\ude09<\/span><a href=\"#\" class=\"ayg-player-description-toggle-btn\">Show More<\/a><\/div>\n            <\/div>           \n<\/div>                <\/div>\n                            <div class=\"ayg-video ayg-video-gTyL59EtTLE ayg-col ayg-col-3 ayg-col-xs-2\">\n                    <div class=\"ayg-thumbnail\" data-id=\"gTyL59EtTLE\" data-title=\"Madeira 2025 Video 1 5\" data-url=\"\">\n    <div class=\"ayg-thumbnail-media\" style=\"--ayg-image-ratio: 16 \/ 9\">\n        <img data-recalc-dims=\"1\" loading=\"lazy\" src=\"https:\/\/i0.wp.com\/i.ytimg.com\/vi\/gTyL59EtTLE\/maxresdefault.jpg?resize=1170%2C658&#038;ssl=1\" class=\"ayg-thumbnail-image\" width=\"1170\" height=\"658\" alt=\"Madeira 2025 Video 1 5\" decoding=\"async\"\/><div class=\"ayg-thumbnail-now-playing\" style=\"display: none;\">Now Playing<\/div><svg xmlns=\"http:\/\/www.w3.org\/2000\/svg\" fill=\"white\" width=\"40\" height=\"40\" viewBox=\"0 0 24 24\" class=\"ayg-icon ayg-thumbnail-icon-play\" title=\"Play\" aria-label=\"Play\"><path fill-rule=\"evenodd\" d=\"M2.25 12c0-5.385 4.365-9.75 9.75-9.75s9.75 4.365 9.75 9.75-4.365 9.75-9.75 9.75S2.25 17.385 2.25 12Zm14.024-.983a1.125 1.125 0 0 1 0 1.966l-5.603 3.113A1.125 1.125 0 0 1 9 15.113V8.887c0-.857.921-1.4 1.671-.983l5.603 3.113Z\" clip-rule=\"evenodd\" \/><\/svg>        \n    <\/div>\n    <div class=\"ayg-thumbnail-caption\">\n         \n            <div class=\"ayg-thumbnail-title\">Madeira 2025 Video 1 5<\/div>\n         \n                    <div class=\"ayg-thumbnail-excerpt\">Die Insel hat extrem viele Gesichter, nicht nur das Gr\u00fcn, die Vielzahl &#8230;<\/div>\n                  \n            <div class=\"ayg-thumbnail-description\" style=\"display: none;\"><span class=\"ayg-player-description-less\">Die Insel hat extrem viele Gesichter, nicht nur das Gr\u00fcn, die Vielzahl an Blumen, f\u00fcr die sie bekannt ist, was bestimmt zur Bl\u00fctezeit noch wesentlich eindrucksvoller ist, auch 1000 Jahre <span class=\"ayg-player-description-dots\">&#8230;<\/span><\/span><span class=\"ayg-player-description-more\">alte Lorbeerb\u00e4ume, Eukalyptusb\u00e4ume stehen hier, \u00e4lter als die Entdeckung der Insel. \u00dcbrigens, hier gab es keine Urbev\u00f6lkerung, die Portugiesen waren die ersten Menschen. Raue Berge, steinige Str\u00e4nde mit glasklarem Wasser, das zum Schnorcheln ein Muss ist. Tolle Menschen und gef\u00fchlte Milliarden an Eidechsen \ud83d\ude09 . \u00dcbrigens, der letzte Strand im Video ist der einzige nat\u00fcrliche Sandstrand Madeiras, feiner schwarzer Sand mit einer nat\u00fcrlichen Dusche, einem Wasserfall. Echt s\u00fc\u00df.<\/span><a href=\"#\" class=\"ayg-player-description-toggle-btn\">Show More<\/a><\/div>\n            <\/div>           \n<\/div>                <\/div>\n                            <div class=\"ayg-video ayg-video-wiz17xUmDbA ayg-col ayg-col-3 ayg-col-xs-2\">\n                    <div class=\"ayg-thumbnail\" data-id=\"wiz17xUmDbA\" data-title=\"Passfoto nur noch vom Amt RIP Fotostudios!\" data-url=\"\">\n    <div class=\"ayg-thumbnail-media\" style=\"--ayg-image-ratio: 16 \/ 9\">\n        <img data-recalc-dims=\"1\" loading=\"lazy\" src=\"https:\/\/i0.wp.com\/i.ytimg.com\/vi\/wiz17xUmDbA\/maxresdefault.jpg?resize=1170%2C658&#038;ssl=1\" class=\"ayg-thumbnail-image\" width=\"1170\" height=\"658\" alt=\"Passfoto nur noch vom Amt RIP Fotostudios!\" decoding=\"async\"\/><div class=\"ayg-thumbnail-now-playing\" style=\"display: none;\">Now Playing<\/div><svg xmlns=\"http:\/\/www.w3.org\/2000\/svg\" fill=\"white\" width=\"40\" height=\"40\" viewBox=\"0 0 24 24\" class=\"ayg-icon ayg-thumbnail-icon-play\" title=\"Play\" aria-label=\"Play\"><path fill-rule=\"evenodd\" d=\"M2.25 12c0-5.385 4.365-9.75 9.75-9.75s9.75 4.365 9.75 9.75-4.365 9.75-9.75 9.75S2.25 17.385 2.25 12Zm14.024-.983a1.125 1.125 0 0 1 0 1.966l-5.603 3.113A1.125 1.125 0 0 1 9 15.113V8.887c0-.857.921-1.4 1.671-.983l5.603 3.113Z\" clip-rule=\"evenodd\" \/><\/svg>        \n    <\/div>\n    <div class=\"ayg-thumbnail-caption\">\n         \n            <div class=\"ayg-thumbnail-title\">Passfoto nur noch vom Amt RIP Fotostudios!<\/div>\n         \n                    <div class=\"ayg-thumbnail-excerpt\">&#8222;E-Passbilder vom Amt \u2013 das Ende der Studio-Romantik?&#8220; \ud83d\ude31 Ein &#8230;<\/div>\n                  \n            <div class=\"ayg-thumbnail-description\" style=\"display: none;\"><span class=\"ayg-player-description-less\">&#8222;E-Passbilder vom Amt \u2013 das Ende der Studio-Romantik?&#8220; \ud83d\ude31<br \/>\nEin KI-generiertes Video zwischen B\u00fcrokratie, Biometrie und einem Hauch Fotostudio-Tragik.<br \/>\n<br \/>\nWillkommen in der Zukunft der Gesichtserkennung \u2013 \u00e4h, Passbilder. \ud83e\udd16\ud83e\udeaa<br \/>\nSeitdem E-Passbilder direkt im <span class=\"ayg-player-description-dots\">&#8230;<\/span><\/span><span class=\"ayg-player-description-more\">Amt aufgenommen werden, braucht\u2019s kein Fachwissen  mehr, keine Studioleuchte, keine \u201eKinn leicht runter\u201c-Anweisung vom Fotografen.<br \/>\nNur du, eine Kamera im Automaten-Look \u2013 und die kalte Umarmung der B\u00fcrokratie.<br \/>\nAu\u00dfer Du hast ein Kleinkind und die Drogerie lehnt Dich ab, weil das Kind zu klein, unruhig , ver\u00e4ngstigt ist, oder weil es mehr als 2 Minuten dauert. Die kommen JETZT noch zum Fotografen, weil es sonst kein Passbild gibt.<br \/>\n<br \/>\nUnd was passiert dabei im Hintergrund (also nicht dem Foto-Hintergrund)?<br \/>\nDeutsche Fotostudios. Sterbend. Leise. Tragisch. \ud83d\udd6f\ufe0f\ud83d\udcf7<br \/>\n<br \/>\nW\u00e4hrend du denkst: &#8222;Hey, praktisch!&#8220;, weinen irgendwo Fotograf:innen in leeren Studios zwischen Farbdrucker und Blitzanlage.<br \/>\nWo einst Kunst war, herrscht jetzt: Pixelgenormte Zweckm\u00e4\u00dfigkeit.<br \/>\nWo einst Fachwissen &amp; Menschlichkeit war, ist nun nur noch Wand. Grau. Vielleicht auch beige. Aber auf keinen Fall charmant.<br \/>\n<br \/>\nDieses KI-generierte Video zeigt auf humorvolle, aber bewegende Weise, was passiert, wenn das letzte Passbild nicht mehr bei Erika im Studio gemacht wird, sondern von einer Kamera, die nicht mal \u201eKlick\u201c sagt.<br \/>\nE-Passbild? E-motionslos.<br \/>\n<br \/>\n\ud83d\udcac Diskussion erw\u00fcnscht: Wo war dein letztes Passfoto \u2013 Studio oder Amt? Und wie viele Emotionen hattest du dabei auf einer Skala von 1 bis \u201ebiometrisch neutral\u201c?<br \/>\n<br \/>\n\ud83d\udccc Liken, abonnieren &amp; teilen, solange es noch Studios gibt, die Menschlichkeit besitzen!<br \/>\n<br \/>\n#EPassbild #Fotostudio #BiometrischeTrag\u00f6die #KIVideo #SatireMitHintergrund #RollosSindMenschenrechte<\/span><a href=\"#\" class=\"ayg-player-description-toggle-btn\">Show More<\/a><\/div>\n            <\/div>           \n<\/div>                <\/div>\n                            <div class=\"ayg-video ayg-video-fjCQsfiTbtQ ayg-col ayg-col-3 ayg-col-xs-2\">\n                    <div class=\"ayg-thumbnail\" data-id=\"fjCQsfiTbtQ\" data-title=\"Sind wir Blender   Die Macht der KI\u00b4s\" data-url=\"\">\n    <div class=\"ayg-thumbnail-media\" style=\"--ayg-image-ratio: 16 \/ 9\">\n        <img data-recalc-dims=\"1\" loading=\"lazy\" src=\"https:\/\/i0.wp.com\/i.ytimg.com\/vi\/fjCQsfiTbtQ\/maxresdefault.jpg?resize=1170%2C658&#038;ssl=1\" class=\"ayg-thumbnail-image\" width=\"1170\" height=\"658\" alt=\"Sind wir Blender   Die Macht der KI\u00b4s\" decoding=\"async\"\/><div class=\"ayg-thumbnail-now-playing\" style=\"display: none;\">Now Playing<\/div><svg xmlns=\"http:\/\/www.w3.org\/2000\/svg\" fill=\"white\" width=\"40\" height=\"40\" viewBox=\"0 0 24 24\" class=\"ayg-icon ayg-thumbnail-icon-play\" title=\"Play\" aria-label=\"Play\"><path fill-rule=\"evenodd\" d=\"M2.25 12c0-5.385 4.365-9.75 9.75-9.75s9.75 4.365 9.75 9.75-4.365 9.75-9.75 9.75S2.25 17.385 2.25 12Zm14.024-.983a1.125 1.125 0 0 1 0 1.966l-5.603 3.113A1.125 1.125 0 0 1 9 15.113V8.887c0-.857.921-1.4 1.671-.983l5.603 3.113Z\" clip-rule=\"evenodd\" \/><\/svg>        \n    <\/div>\n    <div class=\"ayg-thumbnail-caption\">\n         \n            <div class=\"ayg-thumbnail-title\">Sind wir Blender   Die Macht der KI\u00b4s<\/div>\n         \n                    <div class=\"ayg-thumbnail-excerpt\">In einer Welt voller Beauty-Filter, KI-generierter \u201ePortr\u00e4ts\u201c und &#8230;<\/div>\n                  \n            <div class=\"ayg-thumbnail-description\" style=\"display: none;\"><span class=\"ayg-player-description-less\">In einer Welt voller Beauty-Filter, KI-generierter \u201ePortr\u00e4ts\u201c und makelloser Instagram-Gesichter wird die Arbeit professioneller Fotograf:innen zunehmend in Frage gestellt \u2013 zumindest oberfl\u00e4chlich. Aber was passiert eigentlich, wenn das Echte immer <span class=\"ayg-player-description-dots\">&#8230;<\/span><\/span><span class=\"ayg-player-description-more\">mehr wie Fake aussieht \u2013 und das Fake wie Realit\u00e4t?<br \/>\n<br \/>\n\ud83c\udfaf <br \/>\nEs ist ein Blick hinter die Linse \u2013 aus Sicht eines echten Fotografen.<br \/>\nWir sprechen \u00fcber:<br \/>\n<br \/>\n    Die Wirkung echter Portr\u00e4tfotografie im Zeitalter der digitalen Sch\u00f6nheitschirurgie<br \/>\n<br \/>\n    Warum professionelle Bilder mehr zeigen als nur \u201egute Haut\u201c<br \/>\n<br \/>\n    Und wie Fotografie heute mehr denn je Haltung braucht \u2013 gegen die glatte, generische KI-\u00c4sthetik<br \/>\n<br \/>\n\ud83d\udcac Wenn du selbst fotografierst, dich von KI-Bildern unter Druck gesetzt f\u00fchlst oder einfach wissen willst, warum echte Fotos heute wichtiger sind als je zuvor: Schau rein.<br \/>\n<br \/>\n\ud83d\udd0d Am Ende bleibt die Frage: Sind wir noch wir \u2013 oder nur das, was der Algorithmus aus uns macht?<\/span><a href=\"#\" class=\"ayg-player-description-toggle-btn\">Show More<\/a><\/div>\n            <\/div>           \n<\/div>                <\/div>\n                            <div class=\"ayg-video ayg-video-tyUF8YcjhWU ayg-col ayg-col-3 ayg-col-xs-2\">\n                    <div class=\"ayg-thumbnail\" data-id=\"tyUF8YcjhWU\" data-title=\"Dronenfoto mal andersrum \ud83d\ude09\" data-url=\"\">\n    <div class=\"ayg-thumbnail-media\" style=\"--ayg-image-ratio: 16 \/ 9\">\n        <img data-recalc-dims=\"1\" loading=\"lazy\" src=\"https:\/\/i0.wp.com\/i.ytimg.com\/vi\/tyUF8YcjhWU\/maxresdefault.jpg?resize=1170%2C658&#038;ssl=1\" class=\"ayg-thumbnail-image\" width=\"1170\" height=\"658\" alt=\"Dronenfoto mal andersrum \ud83d\ude09\" decoding=\"async\"\/><div class=\"ayg-thumbnail-now-playing\" style=\"display: none;\">Now Playing<\/div><svg xmlns=\"http:\/\/www.w3.org\/2000\/svg\" fill=\"white\" width=\"40\" height=\"40\" viewBox=\"0 0 24 24\" class=\"ayg-icon ayg-thumbnail-icon-play\" title=\"Play\" aria-label=\"Play\"><path fill-rule=\"evenodd\" d=\"M2.25 12c0-5.385 4.365-9.75 9.75-9.75s9.75 4.365 9.75 9.75-4.365 9.75-9.75 9.75S2.25 17.385 2.25 12Zm14.024-.983a1.125 1.125 0 0 1 0 1.966l-5.603 3.113A1.125 1.125 0 0 1 9 15.113V8.887c0-.857.921-1.4 1.671-.983l5.603 3.113Z\" clip-rule=\"evenodd\" \/><\/svg>        \n    <\/div>\n    <div class=\"ayg-thumbnail-caption\">\n         \n            <div class=\"ayg-thumbnail-title\">Dronenfoto mal andersrum \ud83d\ude09<\/div>\n         \n                    <div class=\"ayg-thumbnail-excerpt\">Das erste Foto der neuen Drohne \ud83d\ude0e zeigt ein kleines Malheur w\u00e4hrend &#8230;<\/div>\n                  \n            <div class=\"ayg-thumbnail-description\" style=\"display: none;\"><span class=\"ayg-player-description-less\">Das erste Foto der neuen Drohne \ud83d\ude0e zeigt ein kleines Malheur w\u00e4hrend der Dreharbeiten. DJI Mini 4 Pro<br \/>\nmaking of , first photo of the new drone \ud83d\ude0e inkl a small <span class=\"ayg-player-description-dots\">&#8230;<\/span><\/span><span class=\"ayg-player-description-more\">Malheur during the shooting. DJI mini 4 pro<\/span><a href=\"#\" class=\"ayg-player-description-toggle-btn\">Show More<\/a><\/div>\n            <\/div>           \n<\/div>                <\/div>\n                            <div class=\"ayg-video ayg-video-Z7BwT4obdlI ayg-col ayg-col-3 ayg-col-xs-2\">\n                    <div class=\"ayg-thumbnail\" data-id=\"Z7BwT4obdlI\" data-title=\"Fitness Portr\u00e4ts bei uns. cooler K\u00f6rper. #Fitness #bodybuilding\" data-url=\"\">\n    <div class=\"ayg-thumbnail-media\" style=\"--ayg-image-ratio: 16 \/ 9\">\n        <img data-recalc-dims=\"1\" loading=\"lazy\" src=\"https:\/\/i0.wp.com\/i.ytimg.com\/vi\/Z7BwT4obdlI\/maxresdefault.jpg?resize=1170%2C658&#038;ssl=1\" class=\"ayg-thumbnail-image\" width=\"1170\" height=\"658\" alt=\"Fitness Portr\u00e4ts bei uns. cooler K\u00f6rper. #Fitness #bodybuilding\" decoding=\"async\"\/><div class=\"ayg-thumbnail-now-playing\" style=\"display: none;\">Now Playing<\/div><svg xmlns=\"http:\/\/www.w3.org\/2000\/svg\" fill=\"white\" width=\"40\" height=\"40\" viewBox=\"0 0 24 24\" class=\"ayg-icon ayg-thumbnail-icon-play\" title=\"Play\" aria-label=\"Play\"><path fill-rule=\"evenodd\" d=\"M2.25 12c0-5.385 4.365-9.75 9.75-9.75s9.75 4.365 9.75 9.75-4.365 9.75-9.75 9.75S2.25 17.385 2.25 12Zm14.024-.983a1.125 1.125 0 0 1 0 1.966l-5.603 3.113A1.125 1.125 0 0 1 9 15.113V8.887c0-.857.921-1.4 1.671-.983l5.603 3.113Z\" clip-rule=\"evenodd\" \/><\/svg>        \n    <\/div>\n    <div class=\"ayg-thumbnail-caption\">\n         \n            <div class=\"ayg-thumbnail-title\">Fitness Portr\u00e4ts bei uns. cooler K\u00f6rper. #Fitness #bodybuilding<\/div>\n         \n                    <\/div>           \n<\/div>                <\/div>\n                            <div class=\"ayg-video ayg-video-8duR3cZOv2s ayg-col ayg-col-3 ayg-col-xs-2\">\n                    <div class=\"ayg-thumbnail\" data-id=\"8duR3cZOv2s\" data-title=\"Brasilien hat eine wundersch\u00f6ner Natur.\" data-url=\"\">\n    <div class=\"ayg-thumbnail-media\" style=\"--ayg-image-ratio: 16 \/ 9\">\n        <img data-recalc-dims=\"1\" loading=\"lazy\" src=\"https:\/\/i0.wp.com\/i.ytimg.com\/vi\/8duR3cZOv2s\/maxresdefault.jpg?resize=1170%2C658&#038;ssl=1\" class=\"ayg-thumbnail-image\" width=\"1170\" height=\"658\" alt=\"Brasilien hat eine wundersch\u00f6ner Natur.\" decoding=\"async\"\/><div class=\"ayg-thumbnail-now-playing\" style=\"display: none;\">Now Playing<\/div><svg xmlns=\"http:\/\/www.w3.org\/2000\/svg\" fill=\"white\" width=\"40\" height=\"40\" viewBox=\"0 0 24 24\" class=\"ayg-icon ayg-thumbnail-icon-play\" title=\"Play\" aria-label=\"Play\"><path fill-rule=\"evenodd\" d=\"M2.25 12c0-5.385 4.365-9.75 9.75-9.75s9.75 4.365 9.75 9.75-4.365 9.75-9.75 9.75S2.25 17.385 2.25 12Zm14.024-.983a1.125 1.125 0 0 1 0 1.966l-5.603 3.113A1.125 1.125 0 0 1 9 15.113V8.887c0-.857.921-1.4 1.671-.983l5.603 3.113Z\" clip-rule=\"evenodd\" \/><\/svg>        \n    <\/div>\n    <div class=\"ayg-thumbnail-caption\">\n         \n            <div class=\"ayg-thumbnail-title\">Brasilien hat eine wundersch\u00f6ner Natur.<\/div>\n         \n                    <div class=\"ayg-thumbnail-excerpt\">Ich verstehe warum ein guter Freund dorthin ausgewandert ist. Mein &#8230;<\/div>\n                  \n            <div class=\"ayg-thumbnail-description\" style=\"display: none;\">Ich verstehe warum ein guter Freund dorthin ausgewandert ist. Mein Endziel steht noch nicht fest, aber ich bin am schauen \ud83d\ude09 Wenn Ihr Vorschl\u00e4ge habt, her damit \ud83d\ude09<\/div>\n            <\/div>           \n<\/div>                <\/div>\n                            <div class=\"ayg-video ayg-video-ua2gTDUi_Zw ayg-col ayg-col-3 ayg-col-xs-2\">\n                    <div class=\"ayg-thumbnail\" data-id=\"ua2gTDUi_Zw\" data-title=\"Ein Urlaubstag in Brasilien, ich gebe zu als Hamburger Jung, vermisse ich hier in Hessen das Meer\" data-url=\"\">\n    <div class=\"ayg-thumbnail-media\" style=\"--ayg-image-ratio: 16 \/ 9\">\n        <img data-recalc-dims=\"1\" loading=\"lazy\" src=\"https:\/\/i0.wp.com\/i.ytimg.com\/vi\/ua2gTDUi_Zw\/maxresdefault.jpg?resize=1170%2C658&#038;ssl=1\" class=\"ayg-thumbnail-image\" width=\"1170\" height=\"658\" alt=\"Ein Urlaubstag in Brasilien, ich gebe zu als Hamburger Jung, vermisse ich hier in Hessen das Meer\" decoding=\"async\"\/><div class=\"ayg-thumbnail-now-playing\" style=\"display: none;\">Now Playing<\/div><svg xmlns=\"http:\/\/www.w3.org\/2000\/svg\" fill=\"white\" width=\"40\" height=\"40\" viewBox=\"0 0 24 24\" class=\"ayg-icon ayg-thumbnail-icon-play\" title=\"Play\" aria-label=\"Play\"><path fill-rule=\"evenodd\" d=\"M2.25 12c0-5.385 4.365-9.75 9.75-9.75s9.75 4.365 9.75 9.75-4.365 9.75-9.75 9.75S2.25 17.385 2.25 12Zm14.024-.983a1.125 1.125 0 0 1 0 1.966l-5.603 3.113A1.125 1.125 0 0 1 9 15.113V8.887c0-.857.921-1.4 1.671-.983l5.603 3.113Z\" clip-rule=\"evenodd\" \/><\/svg>        \n    <\/div>\n    <div class=\"ayg-thumbnail-caption\">\n         \n            <div class=\"ayg-thumbnail-title\">Ein Urlaubstag in Brasilien, ich gebe zu als Hamburger Jung, vermisse ich hier in Hessen das Meer<\/div>\n         \n                    <div class=\"ayg-thumbnail-excerpt\">4 Wochen Brasilien, da haben sich einige Fotos angesammelt, wenn Ihr &#8230;<\/div>\n                  \n            <div class=\"ayg-thumbnail-description\" style=\"display: none;\">4 Wochen Brasilien, da haben sich einige Fotos angesammelt, wenn Ihr mehr sehen wollt, schaut mal auf meinen Blog<br \/>\n<a href=\"http:\/\/www.light-style.eu\/Blog\">http:\/\/www.light-style.eu\/Blog<\/a><\/div>\n            <\/div>           \n<\/div>                <\/div>\n                            <div class=\"ayg-video ayg-video-tRCtZuR2qGU ayg-col ayg-col-3 ayg-col-xs-2\">\n                    <div class=\"ayg-thumbnail\" data-id=\"tRCtZuR2qGU\" data-title=\"Irisfotos Deiner wundersch\u00f6nen Augen d\u00fcrfen auch gerne mal etwas kreativer ausfallen,\" data-url=\"\">\n    <div class=\"ayg-thumbnail-media\" style=\"--ayg-image-ratio: 16 \/ 9\">\n        <img data-recalc-dims=\"1\" loading=\"lazy\" src=\"https:\/\/i0.wp.com\/i.ytimg.com\/vi\/tRCtZuR2qGU\/maxresdefault.jpg?resize=1170%2C658&#038;ssl=1\" class=\"ayg-thumbnail-image\" width=\"1170\" height=\"658\" alt=\"Irisfotos Deiner wundersch\u00f6nen Augen d\u00fcrfen auch gerne mal etwas kreativer ausfallen,\" decoding=\"async\"\/><div class=\"ayg-thumbnail-now-playing\" style=\"display: none;\">Now Playing<\/div><svg xmlns=\"http:\/\/www.w3.org\/2000\/svg\" fill=\"white\" width=\"40\" height=\"40\" viewBox=\"0 0 24 24\" class=\"ayg-icon ayg-thumbnail-icon-play\" title=\"Play\" aria-label=\"Play\"><path fill-rule=\"evenodd\" d=\"M2.25 12c0-5.385 4.365-9.75 9.75-9.75s9.75 4.365 9.75 9.75-4.365 9.75-9.75 9.75S2.25 17.385 2.25 12Zm14.024-.983a1.125 1.125 0 0 1 0 1.966l-5.603 3.113A1.125 1.125 0 0 1 9 15.113V8.887c0-.857.921-1.4 1.671-.983l5.603 3.113Z\" clip-rule=\"evenodd\" \/><\/svg>        \n    <\/div>\n    <div class=\"ayg-thumbnail-caption\">\n         \n            <div class=\"ayg-thumbnail-title\">Irisfotos Deiner wundersch\u00f6nen Augen d\u00fcrfen auch gerne mal etwas kreativer ausfallen,<\/div>\n         \n                    <div class=\"ayg-thumbnail-excerpt\">Irisfotos Deiner wundersch\u00f6nen Augen d\u00fcrfen auch gerne mal etwas &#8230;<\/div>\n                  \n            <div class=\"ayg-thumbnail-description\" style=\"display: none;\"><span class=\"ayg-player-description-less\">Irisfotos Deiner wundersch\u00f6nen Augen d\u00fcrfen auch gerne mal etwas kreativer ausfallen, aber auch gerne &#8222;nur&#8220; Deine Iris.<br \/>\nMehr findest Du bei uns auf der Website. Zig eigen erarbeitete Effekte warten auf <span class=\"ayg-player-description-dots\">&#8230;<\/span><\/span><span class=\"ayg-player-description-more\">Deine perfekte Iris<\/span><a href=\"#\" class=\"ayg-player-description-toggle-btn\">Show More<\/a><\/div>\n            <\/div>           \n<\/div>                <\/div>\n                            <div class=\"ayg-video ayg-video-qwh9N7b0nxs ayg-col ayg-col-3 ayg-col-xs-2\">\n                    <div class=\"ayg-thumbnail\" data-id=\"qwh9N7b0nxs\" data-title=\"Portraits can also be sensual\" data-url=\"\">\n    <div class=\"ayg-thumbnail-media\" style=\"--ayg-image-ratio: 16 \/ 9\">\n        <img data-recalc-dims=\"1\" loading=\"lazy\" src=\"https:\/\/i0.wp.com\/i.ytimg.com\/vi\/qwh9N7b0nxs\/maxresdefault.jpg?resize=1170%2C658&#038;ssl=1\" class=\"ayg-thumbnail-image\" width=\"1170\" height=\"658\" alt=\"Portraits can also be sensual\" decoding=\"async\"\/><div class=\"ayg-thumbnail-now-playing\" style=\"display: none;\">Now Playing<\/div><svg xmlns=\"http:\/\/www.w3.org\/2000\/svg\" fill=\"white\" width=\"40\" height=\"40\" viewBox=\"0 0 24 24\" class=\"ayg-icon ayg-thumbnail-icon-play\" title=\"Play\" aria-label=\"Play\"><path fill-rule=\"evenodd\" d=\"M2.25 12c0-5.385 4.365-9.75 9.75-9.75s9.75 4.365 9.75 9.75-4.365 9.75-9.75 9.75S2.25 17.385 2.25 12Zm14.024-.983a1.125 1.125 0 0 1 0 1.966l-5.603 3.113A1.125 1.125 0 0 1 9 15.113V8.887c0-.857.921-1.4 1.671-.983l5.603 3.113Z\" clip-rule=\"evenodd\" \/><\/svg>        \n    <\/div>\n    <div class=\"ayg-thumbnail-caption\">\n         \n            <div class=\"ayg-thumbnail-title\">Portraits can also be sensual<\/div>\n         \n                    <\/div>           \n<\/div>                <\/div>\n                    <\/div>\n        <ayg-pagination class=\"ayg-pagination\" data-params=\"{&quot;uid&quot;:&quot;e29f4835d6b211c34ad6cf0e29ee6513&quot;,&quot;post_id&quot;:8969,&quot;type&quot;:&quot;channel&quot;,&quot;src&quot;:&quot;https:\\\/\\\/www.youtube.com\\\/watch?v=fIICciF2B-U&quot;,&quot;order&quot;:&quot;relevance&quot;,&quot;limit&quot;:500,&quot;per_page&quot;:12,&quot;cache&quot;:86400,&quot;columns&quot;:3,&quot;thumb_ratio&quot;:56.25,&quot;thumb_title&quot;:1,&quot;thumb_title_length&quot;:0,&quot;thumb_excerpt&quot;:1,&quot;thumb_excerpt_length&quot;:75,&quot;player_description&quot;:1,&quot;total_pages&quot;:2,&quot;paged&quot;:1,&quot;next_page_token&quot;:&quot;EAAaHlBUOkNBd2lFREEzUVVNMlFqRXpRVEF3TmpGR1JESQ&quot;,&quot;prev_page_token&quot;:&quot;&quot;}\">\n            <div class=\"ayg-pagination-next\">\n            <button type=\"button\" class=\"ayg-btn ayg-pagination-next-btn\" data-type=\"more\">Load More<\/button>\n        <\/div>\n    <\/ayg-pagination>    <\/ayg-theme-classic>\n<\/div>\n<\/div>\n\n\n<p>Viele der Fotos in den Videos, seht Ihr auch in den entsprechenden Blog Beitr\u00e4gen hier, z.B. Brasilien. \ud83d\ude09 und meist noch viel mehr Fotos. <\/p>\n\n\n<form role=\"search\" method=\"get\" action=\"https:\/\/www.light-style.eu\/Blog\/\" class=\"wp-block-search__button-outside wp-block-search__text-button wp-block-search\"    ><label class=\"wp-block-search__label\" for=\"wp-block-search__input-1\" >Unseren Blog durchsuchen<\/label><div class=\"wp-block-search__inside-wrapper\" ><input class=\"wp-block-search__input\" id=\"wp-block-search__input-1\" placeholder=\"\" value=\"\" type=\"search\" name=\"s\" required \/><button aria-label=\"Suchen\" class=\"wp-block-search__button has-background has-pale-cyan-blue-background-color wp-element-button\" type=\"submit\" >Suchen<\/button><\/div><\/form>\n\n\n<p><em>Kommentare sind auch sehr gerne hier auf der Seite gesehen \ud83d\ude09 Gerne auch Vorschl\u00e4ge.<\/em><\/p>\n\n\n\n<p><\/p>\n<div style='text-align:center' class='yasr-auto-insert-visitor'><!--Yasr Visitor Votes Shortcode--><div id='yasr_visitor_votes_09dbda8ff6647' class='yasr-visitor-votes'><div class=\"yasr-custom-text-vv-before yasr-custom-text-vv-before-8969\">Hat es Dir gefallen?<\/div><div id='yasr-vv-second-row-container-09dbda8ff6647'\r\n                                        class='yasr-vv-second-row-container'><div id='yasr-visitor-votes-rater-09dbda8ff6647'\r\n                                      class='yasr-rater-stars-vv'\r\n                                      data-rater-postid='8969'\r\n                                      data-rating='5'\r\n                                      data-rater-starsize='32'\r\n                                      data-rater-readonly='false'\r\n                                      data-rater-nonce='6c7544c3fa'\r\n                                      data-issingular='false'\r\n                                    ><\/div><div class=\"yasr-vv-stats-text-container\" id=\"yasr-vv-stats-text-container-09dbda8ff6647\"><span id=\"yasr-vv-text-container-09dbda8ff6647\" class=\"yasr-vv-text-container\">[Total: <span id=\"yasr-vv-votes-number-container-09dbda8ff6647\">1<\/span> Average: <span id=\"yasr-vv-average-container-09dbda8ff6647\">5<\/span>]<\/span><\/div><div id='yasr-vv-loader-09dbda8ff6647' class='yasr-vv-container-loader'><\/div><\/div><div id='yasr-vv-bottom-container-09dbda8ff6647'\r\n                              class='yasr-vv-bottom-container'\r\n                              style='display:none'><\/div><\/div><!--End Yasr Visitor Votes Shortcode--><\/div>","protected":false},"excerpt":{"rendered":"<p>Willkommen auf dem unserem neuen YouTube-Kanal ! Hier landet alles, was einfach zu schade ist, um nur einmal in einer WhatsApp-Gruppe aufzublitzen \u2013 von epischen 12-Sekunden-Kunstwerken bis zu echten Herzensprojekten wie Hochzeiten oder einem Blick hinter die Kulissen. Was dich erwartet? Kurz gesagt: Licht, Stil und ein Hauch Chaos!Abonnieren nicht vergessen \u2013 wir posten, wenn\u2019s<span class=\"post-excerpt-end\">&hellip;<\/span><\/p>\n<p class=\"more-link\"><a href=\"https:\/\/www.light-style.eu\/Blog\/wir-bei-youtube\/\" class=\"themebutton\">Read More<\/a><\/p>\n","protected":false},"author":499,"featured_media":0,"parent":0,"menu_order":0,"comment_status":"open","ping_status":"closed","template":"","meta":{"jetpack_post_was_ever_published":false,"yasr_overall_rating":0,"yasr_post_is_review":"","yasr_auto_insert_disabled":"","yasr_review_type":"","footnotes":""},"categories":[],"tags":[],"class_list":["post-8969","page","type-page","status-publish","hentry"],"yasr_visitor_votes":{"stars_attributes":{"read_only":false,"span_bottom":false},"number_of_votes":1,"sum_votes":5},"jetpack_sharing_enabled":true,"jetpack_shortlink":"https:\/\/wp.me\/P4Ojrv-2kF","jetpack-related-posts":[{"id":8947,"url":"https:\/\/www.light-style.eu\/Blog\/unsere-fotoshootings-im-studio\/","url_meta":{"origin":8969,"position":0},"title":"Unsere Fotoshootings im Studio","author":"Andi M\u00f6ller","date":"15. Mai 2025","format":false,"excerpt":"Klicke auf den jeweiligen Titel, um zur entsprechenden Studioseite zu gelangen. Portr\u00e4t Damit wir genau das richtige Foto f\u00fcr Euch schie\u00dfen, nehmen wir uns immer Zeit f\u00fcr ein kleines Gespr\u00e4ch. So k\u00f6nnen wir herausfinden, was f\u00fcr eine Art Portr\u00e4t am besten zu Euch und dem Anlass passt. Vielf\u00e4ltige Portr\u00e4tstile Individuelle\u2026","rel":"","context":"\u00c4hnlicher Beitrag","block_context":{"text":"\u00c4hnlicher Beitrag","link":""},"img":{"alt_text":"","src":"https:\/\/i0.wp.com\/www.light-style.eu\/Blog\/wp-content\/uploads\/2025\/03\/P25S0102-14.jpg?resize=350%2C200&ssl=1","width":350,"height":200,"srcset":"https:\/\/i0.wp.com\/www.light-style.eu\/Blog\/wp-content\/uploads\/2025\/03\/P25S0102-14.jpg?resize=350%2C200&ssl=1 1x, https:\/\/i0.wp.com\/www.light-style.eu\/Blog\/wp-content\/uploads\/2025\/03\/P25S0102-14.jpg?resize=525%2C300&ssl=1 1.5x, https:\/\/i0.wp.com\/www.light-style.eu\/Blog\/wp-content\/uploads\/2025\/03\/P25S0102-14.jpg?resize=700%2C400&ssl=1 2x"},"classes":[]},{"id":6,"url":"https:\/\/www.light-style.eu\/Blog\/meinungen\/","url_meta":{"origin":8969,"position":1},"title":"Unsere Google Bewertungen","author":"Andi M\u00f6ller","date":"5. Mai 2014","format":false,"excerpt":"In Zeiten wo Google & Co unsere Suchen beeinflussen, sind Bewertungen f\u00fcr uns Unternehmer enorm wichtig geworden, denn danach entscheidet Google, ob Ihr den Eintrag sehen wollt oder ob er irrelevant ist. \u00a0 Hier seht Ihr nun immer unsere letzten aktuellen Bewertungen bei Google :-) Bewertungen \/ Rezessionen bei Google\u2026","rel":"","context":"Mit 3 Kommentaren","block_context":{"text":"Mit 3 Kommentaren","link":"https:\/\/www.light-style.eu\/Blog\/meinungen\/#comments"},"img":{"alt_text":"","src":"https:\/\/i0.wp.com\/www.light-style.eu\/Blog\/wp-content\/uploads\/2014\/07\/MG_0135_0541Mehlstaub1.jpg?resize=350%2C200&ssl=1","width":350,"height":200,"srcset":"https:\/\/i0.wp.com\/www.light-style.eu\/Blog\/wp-content\/uploads\/2014\/07\/MG_0135_0541Mehlstaub1.jpg?resize=350%2C200&ssl=1 1x, https:\/\/i0.wp.com\/www.light-style.eu\/Blog\/wp-content\/uploads\/2014\/07\/MG_0135_0541Mehlstaub1.jpg?resize=525%2C300&ssl=1 1.5x, https:\/\/i0.wp.com\/www.light-style.eu\/Blog\/wp-content\/uploads\/2014\/07\/MG_0135_0541Mehlstaub1.jpg?resize=700%2C400&ssl=1 2x"},"classes":[]},{"id":7,"url":"https:\/\/www.light-style.eu\/Blog\/impressum\/","url_meta":{"origin":8969,"position":2},"title":"Impressum","author":"Andi M\u00f6ller","date":"5. Mai 2014","format":false,"excerpt":"Impressum IMPRESSUM Inhaltlich Verantwortlicher Angaben gem\u00e4\u00df \u00a7 5 TMG:Fotostudio Light-Style Andreas M\u00f6ller Jahnstra\u00dfe 7 63517 Rodenbach USt-IdNr.: DE243380881 Tel: (06184) 930505 E-Mail: contact@studio-light-style.de \u00a0 Haftungsausschluss: Haftung f\u00fcr Inhalte Die Inhalte unserer Seiten wurden mit gr\u00f6sster Sorgfalt erstellt. F\u00fcr die Richtigkeit, Vollst\u00e4ndigkeit und Aktualit\u00e4t der Inhalte k\u00f6nnen wir jedoch keine Gew\u00e4hr\u2026","rel":"","context":"\u00c4hnlicher Beitrag","block_context":{"text":"\u00c4hnlicher Beitrag","link":""},"img":{"alt_text":"","src":"","width":0,"height":0},"classes":[]},{"id":3463,"url":"https:\/\/www.light-style.eu\/Blog\/impressum\/datenschutzerklaerung\/","url_meta":{"origin":8969,"position":3},"title":"Datenschutzerkl\u00e4rung","author":"Andi M\u00f6ller","date":"13. Juni 2018","format":false,"excerpt":"Wer wir sind Die Adresse unserer Website ist: https:\/\/www.light-style.eu\/Blog. Welche personenbezogenen Daten wir sammeln und warum wir sie sammeln Kommentare Wenn Besucher Kommentare auf der Website schreiben, sammeln wir die Daten, die im Kommentar-Formular angezeigt werden, au\u00dferdem die IP-Adresse des Besuchers und den User-Agent-String (damit wird der Browser identifiziert), um\u2026","rel":"","context":"\u00c4hnlicher Beitrag","block_context":{"text":"\u00c4hnlicher Beitrag","link":""},"img":{"alt_text":"","src":"","width":0,"height":0},"classes":[]}],"_links":{"self":[{"href":"https:\/\/www.light-style.eu\/Blog\/wp-json\/wp\/v2\/pages\/8969","targetHints":{"allow":["GET"]}}],"collection":[{"href":"https:\/\/www.light-style.eu\/Blog\/wp-json\/wp\/v2\/pages"}],"about":[{"href":"https:\/\/www.light-style.eu\/Blog\/wp-json\/wp\/v2\/types\/page"}],"author":[{"embeddable":true,"href":"https:\/\/www.light-style.eu\/Blog\/wp-json\/wp\/v2\/users\/499"}],"replies":[{"embeddable":true,"href":"https:\/\/www.light-style.eu\/Blog\/wp-json\/wp\/v2\/comments?post=8969"}],"version-history":[{"count":0,"href":"https:\/\/www.light-style.eu\/Blog\/wp-json\/wp\/v2\/pages\/8969\/revisions"}],"wp:attachment":[{"href":"https:\/\/www.light-style.eu\/Blog\/wp-json\/wp\/v2\/media?parent=8969"}],"wp:term":[{"taxonomy":"category","embeddable":true,"href":"https:\/\/www.light-style.eu\/Blog\/wp-json\/wp\/v2\/categories?post=8969"},{"taxonomy":"post_tag","embeddable":true,"href":"https:\/\/www.light-style.eu\/Blog\/wp-json\/wp\/v2\/tags?post=8969"}],"curies":[{"name":"wp","href":"https:\/\/api.w.org\/{rel}","templated":true}]}}