{"id":79724,"date":"2025-01-13T11:57:33","date_gmt":"2025-01-13T10:57:33","guid":{"rendered":"https:\/\/www.light-style.eu\/fotografia\/fotografia-de-eventos-bautizo-comunion-etc\/"},"modified":"2025-01-13T11:57:52","modified_gmt":"2025-01-13T10:57:52","slug":"fotografia-de-eventos-bautizo-comunion-etc","status":"publish","type":"page","link":"https:\/\/www.light-style.eu\/es\/fotografia\/fotografia-de-eventos-bautizo-comunion-etc\/","title":{"rendered":"Fotograf\u00eda de eventos (bautizo, comuni\u00f3n, etc.)"},"content":{"rendered":"\n<p class=\"has-text-align-center\"><strong><span style=\"font-size: 21px;\">Grandes eventos, celebraciones familiares, fiestas de empresa, cumplea\u00f1os, inscripciones escolares: te acompa\u00f1amos<\/span><\/strong><\/p>\n\n<div class=\"wp-block-image\"><figure class=\"aligncenter\"><img data-recalc-dims=\"1\" height=\"200\" width=\"300\" decoding=\"async\" src=\"https:\/\/i0.wp.com\/www.light-style.eu\/studiosite\/wp-content\/uploads\/2016\/09\/eventfotografie-taufe-kommunion-etc-9.jpg?resize=300%2C200&#038;ssl=1\" alt=\"Fotograf&#xED;a de eventos (bautizo, comuni&#xF3;n, etc.)\" class=\"wp-image-779\"\/><\/figure><\/div>\n\n<div class=\"wp-block-image\"><figure class=\"alignleft\"><img data-recalc-dims=\"1\" height=\"300\" width=\"200\" decoding=\"async\" src=\"https:\/\/i0.wp.com\/www.light-style.eu\/studiosite\/wp-content\/uploads\/2016\/09\/eventfotografie-taufe-kommunion-etc-3.jpg?resize=200%2C300&#038;ssl=1\" alt=\"Fotograf&#xED;a de eventos (bautizo, comuni&#xF3;n, etc.)\" class=\"wp-image-771\"\/><\/figure><\/div>\n\n<div class=\"wp-block-image\"><figure class=\"alignright\"><img data-recalc-dims=\"1\" height=\"200\" width=\"300\" decoding=\"async\" src=\"https:\/\/i0.wp.com\/www.light-style.eu\/studiosite\/wp-content\/uploads\/2016\/09\/eventfotografie-taufe-kommunion-etc-7.jpg?resize=300%2C200&#038;ssl=1\" alt=\"Fotograf&#xED;a de eventos (bautizo, comuni&#xF3;n, etc.)\" class=\"wp-image-775\"\/><\/figure><\/div>\n\n<p class=\"has-text-align-center\"><span style=\"font-size: 18px;\">Ya sea un gran espect\u00e1culo musical en Neu Isenburg, el 80 cumplea\u00f1os, las bodas de oro, el baile de graduaci\u00f3n o, como es el caso ahora, la inscripci\u00f3n escolar de la hija, le acompa\u00f1amos fotogr\u00e1ficamente todo el tiempo que desee.<\/span><\/p>\n\n<div class=\"wp-block-image\"><figure class=\"alignright\"><img data-recalc-dims=\"1\" height=\"200\" width=\"300\" decoding=\"async\" src=\"https:\/\/i0.wp.com\/www.light-style.eu\/studiosite\/wp-content\/uploads\/2019\/06\/eventfotografie-taufe-kommunion-etc-2.jpg?resize=300%2C200&#038;ssl=1\" alt=\"Fotograf&#xED;a de eventos (bautizo, comuni&#xF3;n, etc.)\" class=\"wp-image-7793\"\/><\/figure><\/div>\n\n<p class=\"has-text-align-center\"><span style=\"font-size: 18px;\">\u00bfPor qu\u00e9 contratar a un fot\u00f3grafo cuando todo el mundo tiene su tel\u00e9fono m\u00f3vil con ellos \ud83d\ude09 La mejor pregunta podr\u00eda ser el padre del escolar de hace 2 semanas para cont\u00e1rtelo. Cuando recogi\u00f3 las fotos de los d\u00edas, dijo: Qu\u00e9 suerte te reservamos, porque los familiares solo hab\u00edan tomado un pu\u00f1ado de fotos. Y as\u00ed se document\u00f3 fotogr\u00e1ficamente la matr\u00edcula escolar.  <\/span><\/p>\n\n<div class=\"wp-block-image\"><figure class=\"alignleft\"><img data-recalc-dims=\"1\" height=\"300\" width=\"200\" decoding=\"async\" src=\"https:\/\/i0.wp.com\/www.light-style.eu\/studiosite\/wp-content\/uploads\/2016\/09\/eventfotografie-taufe-kommunion-etc-200x300.jpg?resize=200%2C300&#038;ssl=1\" alt=\"Fotograf&#xED;a de eventos (bautizo, comuni&#xF3;n, etc.)\" class=\"wp-image-769\"\/><\/figure><\/div>\n\n<div class=\"wp-block-image\"><figure class=\"alignright\"><img data-recalc-dims=\"1\" height=\"300\" width=\"200\" decoding=\"async\" src=\"https:\/\/i0.wp.com\/www.light-style.eu\/studiosite\/wp-content\/uploads\/2016\/09\/eventfotografie-taufe-kommunion-etc-4.jpg?resize=200%2C300&#038;ssl=1\" alt=\"Fotograf&#xED;a de eventos (bautizo, comuni&#xF3;n, etc.)\" class=\"wp-image-772\"\/><\/figure><\/div>\n\n<p class=\"has-text-align-center\"><span style=\"font-size: 18px;\">Tambi\u00e9n se da el caso de que los familiares est\u00e1n all\u00ed para celebrar y no observan constantemente el paisaje para pulsar el bot\u00f3n del obturador en el momento adecuado. Se pierden muchos momentos divertidos. <\/span><\/p>\n\n<p><span style=\"font-size: 18px;\">A menudo trabajamos en parejas, por lo que tendr\u00e1s muchos momentos desde diferentes perspectivas.<\/span><\/p>\n\n<p class=\"has-text-align-center\"><span style=\"font-size: 18px;\">En fiestas de empresa, cumplea\u00f1os, etc. Todas las fotos en soportes de datos, en resoluci\u00f3n completa, en una versi\u00f3n b\u00e1sica, es decir, contrastes, colores, etc. son consistentes, sin m\u00e1s retoques. Por lo general, llevo conmigo 2-3 fotos, en las que se muestra otra opci\u00f3n de edici\u00f3n. <\/span><\/p>\n\n<p class=\"has-text-align-center\"><span style=\"font-size: 18px;\">\u00bfCu\u00e1nto me cuesta la diversi\u00f3n, por ejemplo, en mi fiesta de cumplea\u00f1os n\u00famero 50, ahora ser\u00e1 la pregunta \ud83d\ude09 por hora \/149,-\u20ac, la reserva m\u00ednima es de 2h.<br\/><\/span><\/p>\n\n<div class=\"wp-block-jetpack-tiled-gallery aligncenter is-style-rectangular\"><div class=\"tiled-gallery__gallery\"><div class=\"tiled-gallery__row\"><div class=\"tiled-gallery__col\" style=\"flex-basis:66.79074%\"><figure class=\"tiled-gallery__item\"><img decoding=\"async\" role=\"button\" tabindex=\"0\" aria-label=\"Abrir la imagen 1 de 6 en pantalla completa\"srcset=\"https:\/\/i1.wp.com\/www.light-style.eu\/studiosite\/wp-content\/uploads\/2016\/09\/eventfotografie-taufe-kommunion-etc-2.jpg?strip=info&#038;w=600&#038;ssl=1 600w,https:\/\/i1.wp.com\/www.light-style.eu\/studiosite\/wp-content\/uploads\/2016\/09\/eventfotografie-taufe-kommunion-etc-2.jpg?strip=info&#038;w=900&#038;ssl=1 900w,https:\/\/i1.wp.com\/www.light-style.eu\/studiosite\/wp-content\/uploads\/2016\/09\/eventfotografie-taufe-kommunion-etc-2.jpg?strip=info&#038;w=1200&#038;ssl=1 1200w,https:\/\/i1.wp.com\/www.light-style.eu\/studiosite\/wp-content\/uploads\/2016\/09\/eventfotografie-taufe-kommunion-etc-2.jpg?strip=info&#038;w=1500&#038;ssl=1 1500w,https:\/\/i1.wp.com\/www.light-style.eu\/studiosite\/wp-content\/uploads\/2016\/09\/eventfotografie-taufe-kommunion-etc-2.jpg?strip=info&#038;w=1685&#038;ssl=1 1685w\" alt=\"Fotograf\u00eda de eventos (bautizo, comuni\u00f3n, etc.)\" data-height=\"1123\" data-id=\"770\" data-link=\"https:\/\/www.light-style.eu\/bonjour\/eventfotografie-taufe-kommunion-etc\/opendoors2013-_0409\/\" data-url=\"https:\/\/www.light-style.eu\/studiosite\/wp-content\/uploads\/2016\/09\/eventfotografie-taufe-kommunion-etc-2.jpg\" data-width=\"1685\" src=\"https:\/\/i1.wp.com\/www.light-style.eu\/studiosite\/wp-content\/uploads\/2016\/09\/eventfotografie-taufe-kommunion-etc-2.jpg?ssl=1\" data-amp-layout=\"responsive\"><\/figure><\/div><div class=\"tiled-gallery__col\" style=\"flex-basis:33.20926%\"><figure class=\"tiled-gallery__item\"><img decoding=\"async\" role=\"button\" tabindex=\"0\" aria-label=\"Abrir la imagen 2 de 6 en pantalla completa\"srcset=\"https:\/\/i0.wp.com\/www.light-style.eu\/studiosite\/wp-content\/uploads\/2016\/09\/eventfotografie-taufe-kommunion-etc-5.jpg?strip=info&#038;w=600&#038;ssl=1 600w,https:\/\/i0.wp.com\/www.light-style.eu\/studiosite\/wp-content\/uploads\/2016\/09\/eventfotografie-taufe-kommunion-etc-5.jpg?strip=info&#038;w=900&#038;ssl=1 900w,https:\/\/i0.wp.com\/www.light-style.eu\/studiosite\/wp-content\/uploads\/2016\/09\/eventfotografie-taufe-kommunion-etc-5.jpg?strip=info&#038;w=1200&#038;ssl=1 1200w,https:\/\/i0.wp.com\/www.light-style.eu\/studiosite\/wp-content\/uploads\/2016\/09\/eventfotografie-taufe-kommunion-etc-5.jpg?strip=info&#038;w=1500&#038;ssl=1 1500w,https:\/\/i0.wp.com\/www.light-style.eu\/studiosite\/wp-content\/uploads\/2016\/09\/eventfotografie-taufe-kommunion-etc-5.jpg?strip=info&#038;w=1685&#038;ssl=1 1685w\" alt=\"Fotograf\u00eda de eventos (bautizo, comuni\u00f3n, etc.)\" data-height=\"1123\" data-id=\"773\" data-link=\"https:\/\/www.light-style.eu\/bonjour\/eventfotografie-taufe-kommunion-etc\/opernplatzfest13-406\/\" data-url=\"https:\/\/www.light-style.eu\/studiosite\/wp-content\/uploads\/2016\/09\/eventfotografie-taufe-kommunion-etc-5.jpg\" data-width=\"1685\" src=\"https:\/\/i0.wp.com\/www.light-style.eu\/studiosite\/wp-content\/uploads\/2016\/09\/eventfotografie-taufe-kommunion-etc-5.jpg?ssl=1\" data-amp-layout=\"responsive\"><\/figure><figure class=\"tiled-gallery__item\"><img decoding=\"async\" role=\"button\" tabindex=\"0\" aria-label=\"Abrir la imagen 3 de 6 en pantalla completa\"srcset=\"https:\/\/i0.wp.com\/www.light-style.eu\/studiosite\/wp-content\/uploads\/2019\/06\/eventfotografie-taufe-kommunion-etc.jpg?strip=info&#038;w=600&#038;ssl=1 600w,https:\/\/i0.wp.com\/www.light-style.eu\/studiosite\/wp-content\/uploads\/2019\/06\/eventfotografie-taufe-kommunion-etc.jpg?strip=info&#038;w=900&#038;ssl=1 900w,https:\/\/i0.wp.com\/www.light-style.eu\/studiosite\/wp-content\/uploads\/2019\/06\/eventfotografie-taufe-kommunion-etc.jpg?strip=info&#038;w=1200&#038;ssl=1 1200w\" alt=\"Fotograf\u00eda de eventos (bautizo, comuni\u00f3n, etc.)\" data-height=\"800\" data-id=\"7791\" data-link=\"https:\/\/www.light-style.eu\/bonjour\/eventfotografie-taufe-kommunion-etc\/konfi-2-2019-569\/\" data-url=\"https:\/\/www.light-style.eu\/studiosite\/wp-content\/uploads\/2019\/06\/eventfotografie-taufe-kommunion-etc.jpg\" data-width=\"1200\" src=\"https:\/\/i0.wp.com\/www.light-style.eu\/studiosite\/wp-content\/uploads\/2019\/06\/eventfotografie-taufe-kommunion-etc.jpg?ssl=1\" data-amp-layout=\"responsive\"><\/figure><\/div><\/div><div class=\"tiled-gallery__row\"><div class=\"tiled-gallery__col\" style=\"flex-basis:52.87375%\"><figure class=\"tiled-gallery__item\"><img decoding=\"async\" role=\"button\" tabindex=\"0\" aria-label=\"Abrir la imagen 4 de 6 en pantalla completa\"srcset=\"https:\/\/i1.wp.com\/www.light-style.eu\/studiosite\/wp-content\/uploads\/2019\/06\/eventfotografie-taufe-kommunion-etc-5.jpg?strip=info&#038;w=600&#038;ssl=1 600w,https:\/\/i1.wp.com\/www.light-style.eu\/studiosite\/wp-content\/uploads\/2019\/06\/eventfotografie-taufe-kommunion-etc-5.jpg?strip=info&#038;w=900&#038;ssl=1 900w,https:\/\/i1.wp.com\/www.light-style.eu\/studiosite\/wp-content\/uploads\/2019\/06\/eventfotografie-taufe-kommunion-etc-5.jpg?strip=info&#038;w=1200&#038;ssl=1 1200w\" alt=\"Fotograf\u00eda de eventos (bautizo, comuni\u00f3n, etc.)\" data-height=\"800\" data-id=\"7799\" data-link=\"https:\/\/www.light-style.eu\/bonjour\/eventfotografie-taufe-kommunion-etc\/konfi-2-2019-587\/\" data-url=\"https:\/\/www.light-style.eu\/studiosite\/wp-content\/uploads\/2019\/06\/eventfotografie-taufe-kommunion-etc-5.jpg\" data-width=\"1200\" src=\"https:\/\/i1.wp.com\/www.light-style.eu\/studiosite\/wp-content\/uploads\/2019\/06\/eventfotografie-taufe-kommunion-etc-5.jpg?ssl=1\" data-amp-layout=\"responsive\"><\/figure><\/div><div class=\"tiled-gallery__col\" style=\"flex-basis:23.56312%\"><figure class=\"tiled-gallery__item\"><img decoding=\"async\" role=\"button\" tabindex=\"0\" aria-label=\"Abrir la imagen 5 de 6 en pantalla completa\"srcset=\"https:\/\/i0.wp.com\/www.light-style.eu\/studiosite\/wp-content\/uploads\/2019\/06\/eventfotografie-taufe-kommunion-etc-4.jpg?strip=info&#038;w=600&#038;ssl=1 600w,https:\/\/i0.wp.com\/www.light-style.eu\/studiosite\/wp-content\/uploads\/2019\/06\/eventfotografie-taufe-kommunion-etc-4.jpg?strip=info&#038;w=800&#038;ssl=1 800w\" alt=\"Fotograf\u00eda de eventos (bautizo, comuni\u00f3n, etc.)\" data-height=\"1200\" data-id=\"7798\" data-link=\"https:\/\/www.light-style.eu\/bonjour\/eventfotografie-taufe-kommunion-etc\/konfi-1-2019-23\/\" data-url=\"https:\/\/www.light-style.eu\/studiosite\/wp-content\/uploads\/2019\/06\/eventfotografie-taufe-kommunion-etc-4.jpg\" data-width=\"800\" src=\"https:\/\/i0.wp.com\/www.light-style.eu\/studiosite\/wp-content\/uploads\/2019\/06\/eventfotografie-taufe-kommunion-etc-4.jpg?ssl=1\" data-amp-layout=\"responsive\"><\/figure><\/div><div class=\"tiled-gallery__col\" style=\"flex-basis:23.56312%\"><figure class=\"tiled-gallery__item\"><img decoding=\"async\" role=\"button\" tabindex=\"0\" aria-label=\"Abrir la imagen 6 de 6 en pantalla completa\"srcset=\"https:\/\/i1.wp.com\/www.light-style.eu\/studiosite\/wp-content\/uploads\/2019\/06\/eventfotografie-taufe-kommunion-etc-3.jpg?strip=info&#038;w=600&#038;ssl=1 600w,https:\/\/i1.wp.com\/www.light-style.eu\/studiosite\/wp-content\/uploads\/2019\/06\/eventfotografie-taufe-kommunion-etc-3.jpg?strip=info&#038;w=800&#038;ssl=1 800w\" alt=\"Fotograf\u00eda de eventos (bautizo, comuni\u00f3n, etc.)\" data-height=\"1200\" data-id=\"7797\" data-link=\"https:\/\/www.light-style.eu\/bonjour\/eventfotografie-taufe-kommunion-etc\/konfi-2-2019-34\/\" data-url=\"https:\/\/www.light-style.eu\/studiosite\/wp-content\/uploads\/2019\/06\/eventfotografie-taufe-kommunion-etc-3.jpg\" data-width=\"800\" src=\"https:\/\/i1.wp.com\/www.light-style.eu\/studiosite\/wp-content\/uploads\/2019\/06\/eventfotografie-taufe-kommunion-etc-3.jpg?ssl=1\" data-amp-layout=\"responsive\"><\/figure><\/div><\/div><\/div><\/div>\n\n<p class=\"has-text-align-center\"><span style=\"font-size: 18px;\">En las confirmaciones \/ comuniones, tambi\u00e9n es mucho m\u00e1s agradable para los p\u00e1rrocos si 1-2 fot\u00f3grafos profesionales toman fotos all\u00ed que si 30 familiares causan mucho malestar. Como profesionales, sabemos c\u00f3mo comportarnos con respeto y, sin embargo, la ceremonia se puede fotografiar sin molestar. <\/span><\/p>\n","protected":false},"excerpt":{"rendered":"<p>Grandes eventos, celebraciones familiares, fiestas de empresa, cumplea\u00f1os, inscripciones escolares: te acompa\u00f1amos Ya sea un gran espect\u00e1culo musical en Neu Isenburg, el 80 cumplea\u00f1os, las bodas de oro, el baile de graduaci\u00f3n o, como es el caso ahora, la inscripci\u00f3n escolar de la hija, le acompa\u00f1amos fotogr\u00e1ficamente todo el tiempo que desee. \u00bfPor qu\u00e9 contratar&hellip;<\/p>\n","protected":false},"author":1,"featured_media":0,"parent":78313,"menu_order":10,"comment_status":"closed","ping_status":"closed","template":"","meta":{"advanced_seo_description":"","jetpack_seo_html_title":"","jetpack_seo_noindex":false,"ngg_post_thumbnail":0,"footnotes":""},"class_list":["post-79724","page","type-page","status-publish","hentry","entry","no-media"],"jetpack_likes_enabled":true,"jetpack_sharing_enabled":true,"_links":{"self":[{"href":"https:\/\/www.light-style.eu\/es\/wp-json\/wp\/v2\/pages\/79724","targetHints":{"allow":["GET"]}}],"collection":[{"href":"https:\/\/www.light-style.eu\/es\/wp-json\/wp\/v2\/pages"}],"about":[{"href":"https:\/\/www.light-style.eu\/es\/wp-json\/wp\/v2\/types\/page"}],"author":[{"embeddable":true,"href":"https:\/\/www.light-style.eu\/es\/wp-json\/wp\/v2\/users\/1"}],"replies":[{"embeddable":true,"href":"https:\/\/www.light-style.eu\/es\/wp-json\/wp\/v2\/comments?post=79724"}],"version-history":[{"count":0,"href":"https:\/\/www.light-style.eu\/es\/wp-json\/wp\/v2\/pages\/79724\/revisions"}],"up":[{"embeddable":true,"href":"https:\/\/www.light-style.eu\/es\/wp-json\/wp\/v2\/pages\/78313"}],"wp:attachment":[{"href":"https:\/\/www.light-style.eu\/es\/wp-json\/wp\/v2\/media?parent=79724"}],"curies":[{"name":"wp","href":"https:\/\/api.w.org\/{rel}","templated":true}]}}