{"id":80462,"date":"2025-01-09T19:01:31","date_gmt":"2025-01-13T11:14:19","guid":{"rendered":"https:\/\/www.light-style.eu\/unser-foto-shop\/batalla-naval-2\/"},"modified":"2025-01-13T12:14:19","modified_gmt":"2025-01-13T11:14:19","slug":"batalla-naval-2","status":"publish","type":"product","link":"https:\/\/www.light-style.eu\/es\/nuestra-tienda-de-fotograf\u00eda\/batalla-naval-2\/","title":{"rendered":"Batalla naval 2"},"content":{"rendered":"<p>Aqu\u00ed hay una obra que nunca ha visto una c\u00e1mara, sino que fue creada puramente por m\u00ed en la PC. En parte tambi\u00e9n porque simplemente nunca volver\u00e1 a haber este Montiv en estos d\u00edas y me gusta como un viejo lobo de mar. Una batalla naval \u00abbuena, vieja y honesta\u00bb, casi todav\u00eda hombre contra hombre y el \u00abenemigo\u00bb todav\u00eda se salv\u00f3 despu\u00e9s del hundimiento de la fragata, la guerra naval sigue siendo la forma algo diferente de combate hoy en d\u00eda, despu\u00e9s de todo, uno tambi\u00e9n lucha contra la fuerza de la naturaleza, y esto tambi\u00e9n se conecta a trav\u00e9s de las fronteras de la bandera. Crea una obra de arte con tecnolog\u00eda de PC e IA. Si te gusta algo as\u00ed, h\u00e1zmelo saber. <\/p>\n","protected":false},"excerpt":{"rendered":"<p>Todos nuestros cuadros en acr\u00edlico y lienzo est\u00e1n firmados a mano por el artista y vienen con un certificado de autenticidad<\/p>\n","protected":false},"featured_media":76931,"template":"","meta":{"advanced_seo_description":"","jetpack_seo_html_title":"","jetpack_seo_noindex":false,"ngg_post_thumbnail":0,"jetpack_publicize_message":"","jetpack_publicize_feature_enabled":true,"jetpack_social_post_already_shared":true,"jetpack_social_options":{"image_generator_settings":{"template":"highway","default_image_id":0,"font":"","enabled":false},"version":2}},"product_brand":[],"product_cat":[2164,2152,2147,2035,2154,2034],"product_tag":[2134,2133,2165,2166],"class_list":{"0":"post-80462","1":"product","2":"type-product","3":"status-publish","4":"has-post-thumbnail","6":"product_cat-creaciones-de-ia-y-photoshop","7":"product_cat-mar","8":"product_cat-naturaleza","9":"product_cat-nuevos-motivos","10":"product_cat-romance-marinero","11":"product_cat-todo","12":"product_tag-decoracion-de-paredes","13":"product_tag-invierno","14":"product_tag-mar","15":"product_tag-marinera","16":"pa_wandbilder-foto-seda-mate-20x30cm","17":"pa_wandbilder-lienzo-20x30","18":"pa_wandbilder-lienzo-40x60","19":"pa_wandbilder-lienzo-60x90","20":"pa_wandbilder-lienzo-80-x-120-cm","21":"pa_wandbilder-pintura-acrilica-20x30","22":"pa_wandbilder-pintura-acrilica-40x60","23":"pa_wandbilder-pintura-acrilica-60x90","24":"pa_wandbilder-poster-semibrillante-30x45cm","25":"pa_wandbilder-poster-semibrillante-60x90cm","26":"pa_wandbilder-poster-semibrillante-70x105cm","27":"entry","28":"has-media","30":"first","31":"instock","32":"taxable","33":"shipping-taxable","34":"purchasable","35":"product-type-variable"},"jetpack_publicize_connections":[],"jetpack_likes_enabled":true,"jetpack_sharing_enabled":true,"_links":{"self":[{"href":"https:\/\/www.light-style.eu\/es\/wp-json\/wp\/v2\/product\/80462","targetHints":{"allow":["GET"]}}],"collection":[{"href":"https:\/\/www.light-style.eu\/es\/wp-json\/wp\/v2\/product"}],"about":[{"href":"https:\/\/www.light-style.eu\/es\/wp-json\/wp\/v2\/types\/product"}],"wp:featuredmedia":[{"embeddable":true,"href":"https:\/\/www.light-style.eu\/es\/wp-json\/wp\/v2\/media\/76931"}],"wp:attachment":[{"href":"https:\/\/www.light-style.eu\/es\/wp-json\/wp\/v2\/media?parent=80462"}],"wp:term":[{"taxonomy":"product_brand","embeddable":true,"href":"https:\/\/www.light-style.eu\/es\/wp-json\/wp\/v2\/product_brand?post=80462"},{"taxonomy":"product_cat","embeddable":true,"href":"https:\/\/www.light-style.eu\/es\/wp-json\/wp\/v2\/product_cat?post=80462"},{"taxonomy":"product_tag","embeddable":true,"href":"https:\/\/www.light-style.eu\/es\/wp-json\/wp\/v2\/product_tag?post=80462"}],"curies":[{"name":"wp","href":"https:\/\/api.w.org\/{rel}","templated":true}]}}