{"id":83134,"date":"2022-01-28T12:15:14","date_gmt":"2025-01-13T15:08:33","guid":{"rendered":"https:\/\/www.light-style.eu\/unser-foto-shop\/tierra-de-cuentos-de-hadas-3\/"},"modified":"2025-01-13T16:08:33","modified_gmt":"2025-01-13T15:08:33","slug":"tierra-de-cuentos-de-hadas-3","status":"publish","type":"product","link":"https:\/\/www.light-style.eu\/es\/nuestra-tienda-de-fotograf\u00eda\/tierra-de-cuentos-de-hadas-3\/","title":{"rendered":"Tierra de cuentos de hadas 3"},"content":{"rendered":"<p>\u00c9rase una vez&#8230;&#8230; As\u00ed es como toda historia podr\u00eda comenzar en este paisaje. Esta vez est\u00e1bamos en las monta\u00f1as de arenisca del Elba. Los paisajes que pudimos capturar aqu\u00ed fueron incre\u00edbles. Aqu\u00ed hay algunos lugares muy m\u00edsticos. Detr\u00e1s de cada piedra se pueden adivinar enanos y elfos: simplemente las cascadas de cuento de hadas tienen algo especial. El poder de la naturaleza, que encuentra su camino a trav\u00e9s de la roca.    <\/p>\n","protected":false},"excerpt":{"rendered":"<p>Todos nuestros cuadros en acr\u00edlico y lienzo est\u00e1n firmados a mano por el artista y vienen con un certificado de autenticidad<\/p>\n","protected":false},"featured_media":54380,"template":"","meta":{"advanced_seo_description":"","jetpack_seo_html_title":"","jetpack_seo_noindex":false,"ngg_post_thumbnail":0,"jetpack_publicize_message":"","jetpack_publicize_feature_enabled":true,"jetpack_social_post_already_shared":true,"jetpack_social_options":{"image_generator_settings":{"template":"highway","default_image_id":0,"font":"","enabled":false},"version":2}},"product_brand":[],"product_cat":[2150,2036,2202,2147,2206,2034],"product_tag":[2203,2134,2252,2253,2039,2254],"class_list":{"0":"post-83134","1":"product","2":"type-product","3":"status-publish","4":"has-post-thumbnail","6":"product_cat-alemania","7":"product_cat-belleza-de-la-naturaleza","8":"product_cat-cascadas","9":"product_cat-naturaleza","10":"product_cat-planta","11":"product_cat-todo","12":"product_tag-cascada","13":"product_tag-decoracion-de-paredes","14":"product_tag-flores","15":"product_tag-macro-es","16":"product_tag-naturaleza","17":"product_tag-planta","18":"pa_wandbilder-foto-seda-mate-20x30cm","19":"pa_wandbilder-lienzo-20x30","20":"pa_wandbilder-lienzo-40x60","21":"pa_wandbilder-lienzo-60x90","22":"pa_wandbilder-lienzo-80-x-120-cm","23":"pa_wandbilder-pintura-acrilica-20x30","24":"pa_wandbilder-pintura-acrilica-40x60","25":"pa_wandbilder-pintura-acrilica-60x90","26":"pa_wandbilder-poster-semibrillante-30x45cm","27":"pa_wandbilder-poster-semibrillante-60x90cm","28":"pa_wandbilder-poster-semibrillante-70x105cm","29":"entry","30":"has-media","32":"first","33":"instock","34":"taxable","35":"shipping-taxable","36":"purchasable","37":"product-type-variable"},"jetpack_publicize_connections":[],"jetpack_likes_enabled":true,"jetpack_sharing_enabled":true,"_links":{"self":[{"href":"https:\/\/www.light-style.eu\/es\/wp-json\/wp\/v2\/product\/83134","targetHints":{"allow":["GET"]}}],"collection":[{"href":"https:\/\/www.light-style.eu\/es\/wp-json\/wp\/v2\/product"}],"about":[{"href":"https:\/\/www.light-style.eu\/es\/wp-json\/wp\/v2\/types\/product"}],"wp:featuredmedia":[{"embeddable":true,"href":"https:\/\/www.light-style.eu\/es\/wp-json\/wp\/v2\/media\/54380"}],"wp:attachment":[{"href":"https:\/\/www.light-style.eu\/es\/wp-json\/wp\/v2\/media?parent=83134"}],"wp:term":[{"taxonomy":"product_brand","embeddable":true,"href":"https:\/\/www.light-style.eu\/es\/wp-json\/wp\/v2\/product_brand?post=83134"},{"taxonomy":"product_cat","embeddable":true,"href":"https:\/\/www.light-style.eu\/es\/wp-json\/wp\/v2\/product_cat?post=83134"},{"taxonomy":"product_tag","embeddable":true,"href":"https:\/\/www.light-style.eu\/es\/wp-json\/wp\/v2\/product_tag?post=83134"}],"curies":[{"name":"wp","href":"https:\/\/api.w.org\/{rel}","templated":true}]}}