{"id":84806,"date":"2021-10-25T18:12:36","date_gmt":"2025-01-13T15:28:59","guid":{"rendered":"https:\/\/www.light-style.eu\/unser-foto-shop\/atardecer-africano\/"},"modified":"2025-01-13T16:28:59","modified_gmt":"2025-01-13T15:28:59","slug":"atardecer-africano","status":"publish","type":"product","link":"https:\/\/www.light-style.eu\/es\/nuestra-tienda-de-fotograf\u00eda\/atardecer-africano\/","title":{"rendered":"Atardecer africano"},"content":{"rendered":"<p>reci\u00e9n importado del Parque Nacional Kruger \ud83d\ude09 \u00a1Aqu\u00ed est\u00e1 la versi\u00f3n genial para su pared, garantizada para llamar la atenci\u00f3n en gran formato! Era casi imposible acercarse a la naturaleza. Luego tambi\u00e9n dijo que era hora de que desapareci\u00e9ramos \ud83d\ude09 El rey oficial de los animales es el le\u00f3n, pero el verdadero jefe en la naturaleza es el elefante, donde incluso el le\u00f3n hace espacio en el pozo de agua. \u00c9l mismo observ\u00f3 c\u00f3mo el gran jefe ha creado espacio para su familia en el pozo de agua. Esta fue nuestra \u00faltima impresi\u00f3n del Parque Nacional Kruger. \u2013 No es una mala \u00faltima impresi\u00f3n \ud83d\ude09<\/p>\n","protected":false},"excerpt":{"rendered":"<p>Todos nuestros cuadros en acr\u00edlico y lienzo est\u00e1n firmados a mano por el artista y vienen con un certificado de autenticidad<\/p>\n","protected":false},"featured_media":84807,"template":"","meta":{"advanced_seo_description":"","jetpack_seo_html_title":"","jetpack_seo_noindex":false,"ngg_post_thumbnail":0,"jetpack_publicize_message":"","jetpack_publicize_feature_enabled":true,"jetpack_social_post_already_shared":true,"jetpack_social_options":{"image_generator_settings":{"template":"highway","default_image_id":0,"font":"","enabled":false},"version":2}},"product_brand":[],"product_cat":[2232,2273,2148,2152,2147,2033,2151,2034],"product_tag":[2277,2275,2134,2276,2039,2274,2149,2170],"class_list":{"0":"post-84806","1":"product","2":"type-product","3":"status-publish","4":"has-post-thumbnail","6":"product_cat-africa-es","7":"product_cat-animales","8":"product_cat-atardeceres","9":"product_cat-mar","10":"product_cat-naturaleza","11":"product_cat-paises","12":"product_cat-playa","13":"product_cat-todo","14":"product_tag-africa-es","15":"product_tag-animales","16":"product_tag-decoracion-de-paredes","17":"product_tag-desierto","18":"product_tag-naturaleza","19":"product_tag-paises","20":"product_tag-puesta-del-sol","21":"product_tag-puesta-del-sol-es","22":"pa_wandbilder-foto-seda-mate-20x30cm","23":"pa_wandbilder-lienzo-20x30","24":"pa_wandbilder-lienzo-40x60","25":"pa_wandbilder-lienzo-60x90","26":"pa_wandbilder-lienzo-80-x-120-cm","27":"pa_wandbilder-pintura-acrilica-20x30","28":"pa_wandbilder-pintura-acrilica-40x60","29":"pa_wandbilder-pintura-acrilica-60x90","30":"pa_wandbilder-poster-acabado-satinado-40x60-cm","31":"pa_wandbilder-poster-semibrillante-30x45cm","32":"pa_wandbilder-poster-semibrillante-60x90cm","33":"pa_wandbilder-poster-semibrillante-70x105cm","34":"entry","35":"has-media","37":"first","38":"instock","39":"taxable","40":"shipping-taxable","41":"purchasable","42":"product-type-variable"},"jetpack_publicize_connections":[],"jetpack_likes_enabled":true,"jetpack_sharing_enabled":true,"_links":{"self":[{"href":"https:\/\/www.light-style.eu\/es\/wp-json\/wp\/v2\/product\/84806","targetHints":{"allow":["GET"]}}],"collection":[{"href":"https:\/\/www.light-style.eu\/es\/wp-json\/wp\/v2\/product"}],"about":[{"href":"https:\/\/www.light-style.eu\/es\/wp-json\/wp\/v2\/types\/product"}],"wp:featuredmedia":[{"embeddable":true,"href":"https:\/\/www.light-style.eu\/es\/wp-json\/wp\/v2\/media\/84807"}],"wp:attachment":[{"href":"https:\/\/www.light-style.eu\/es\/wp-json\/wp\/v2\/media?parent=84806"}],"wp:term":[{"taxonomy":"product_brand","embeddable":true,"href":"https:\/\/www.light-style.eu\/es\/wp-json\/wp\/v2\/product_brand?post=84806"},{"taxonomy":"product_cat","embeddable":true,"href":"https:\/\/www.light-style.eu\/es\/wp-json\/wp\/v2\/product_cat?post=84806"},{"taxonomy":"product_tag","embeddable":true,"href":"https:\/\/www.light-style.eu\/es\/wp-json\/wp\/v2\/product_tag?post=84806"}],"curies":[{"name":"wp","href":"https:\/\/api.w.org\/{rel}","templated":true}]}}