{"id":85508,"date":"2019-03-01T10:21:51","date_gmt":"2025-01-13T15:41:29","guid":{"rendered":"https:\/\/www.light-style.eu\/unser-foto-shop\/curso-de-fotografia-agua-de-cuento-de-hadas\/"},"modified":"2025-01-31T10:49:24","modified_gmt":"2025-01-31T09:49:24","slug":"curso-de-fotografia-agua-de-cuento-de-hadas","status":"publish","type":"product","link":"https:\/\/www.light-style.eu\/es\/nuestra-tienda-de-fotograf\u00eda\/curso-de-fotografia-agua-de-cuento-de-hadas\/","title":{"rendered":"Curso de fotograf\u00eda \u2013 agua de cuento de hadas"},"content":{"rendered":"<p><strong>Todos nuestros cursos de fotograf\u00eda son coaching individual, lo que significa que tardamos unas 6 horas s\u00f3lo para ti. (m\u00e1s aprox. 2 horas de viaje a los lugares) <\/strong><\/p>\n<p><strong><span style=\"color: #339966;\">Pero realmente quieres hacer este taller con otra persona, por ejemplo, tu pareja, ok, escr\u00edbeme un correo electr\u00f3nico y te har\u00e9 una oferta individual para 2 personas.<\/span> <\/strong><\/p>\n<p>Aqu\u00ed hay un curso de un d\u00eda para los entusiastas de la naturaleza. \u00bfTe has preguntado a menudo c\u00f3mo se las arreglan los fot\u00f3grafos para crear esta agua fluida, suave, casi de cuento de hadas en las cascadas, por ejemplo?   <strong>Algunos pensar\u00e1n, \u00a1todo es solo Photoshop! -NO <\/strong>  \u2013 Esto realmente se fotograf\u00eda exactamente de la misma manera. Te mostrar\u00e9 c\u00f3mo en este coaching individual. Conozca su c\u00e1mara a\u00fan mejor, lejos de las instant\u00e1neas para las fotos realmente geniales. \u00bfPor qu\u00e9 necesito un tr\u00edpode?, \u00bfqu\u00e9 son los filtros ND?, \u00bfc\u00f3mo me ocupo de ambos? Aprender\u00e1s todo esto y mucho m\u00e1s en este curso.  <\/p>\n<p><strong>Por supuesto, tambi\u00e9n estamos encantados de acudir a usted para fotografiar h\u00e1bilmente sus lugares favoritos con la hermosa agua. Si viaja m\u00e1s de 2 horas en total, aclare esto con anticipaci\u00f3n. <\/strong>  Por supuesto, tambi\u00e9n estamos encantados de ir a verte a la costa \ud83d\ude09 Tambi\u00e9n podr\u00e1 obtener informaci\u00f3n sobre mi edici\u00f3n de dichas fotos. Las pr\u00f3ximas vacaciones junto al agua ser\u00e1n inolvidables en tus nuevas fotos.<\/p>\n<p><strong>De nuevo, si es necesario, abordaremos la ventaja del formato RAW sobre el JPG&nbsp; , para que puedas sacar el m\u00e1ximo partido a tus nuevas fotos.<\/strong><\/p>\n<p>Recibir\u00e1s documentos para leer lo que has aprendido en casa. Concertaremos citas con usted directamente despu\u00e9s de su compra. <\/p>\n<p>&nbsp;<\/p>\n<p>Si desea <em><strong>regalar este seminario<\/strong><\/em> , h\u00e1gamelo saber en un breve correo despu\u00e9s de la compra, luego preparar\u00e9 un cup\u00f3n para usted, que puedo enviarle o puede recogerme<\/p>\n<p>&nbsp;<\/p>\n","protected":false},"excerpt":{"rendered":"<p><strong>\u00bfSiempre has querido saber c\u00f3mo los fot\u00f3grafos conseguimos esta mirada especial y de cuento de hadas de cascadas, r\u00edos o incluso junto al mar?<br \/>\n<\/strong><\/p>\n<p><strong>Aqu\u00ed aprender\u00e1s. \u00a1En la teor\u00eda y en la pr\u00e1ctica! <\/strong><\/p>\n<p><strong>Todos nuestros cursos de fotograf\u00eda son coaching individual, nos concentramos completamente en ti y en tus necesidades individuales.  <span style=\"color: #339966;\">Pero realmente quieres hacer este taller con otra persona, por ejemplo, tu pareja, ok, escr\u00edbeme un correo electr\u00f3nico y te har\u00e9 una oferta individual para 2 personas.<\/span><br \/>\n<\/strong><\/p>\n<p><strong>Consulte a continuaci\u00f3n la descripci\u00f3n completa.<\/strong><\/p>\n","protected":false},"featured_media":78209,"template":"","meta":{"advanced_seo_description":"","jetpack_seo_html_title":"","jetpack_seo_noindex":false,"ngg_post_thumbnail":0,"jetpack_publicize_message":"","jetpack_publicize_feature_enabled":true,"jetpack_social_post_already_shared":true,"jetpack_social_options":{"image_generator_settings":{"template":"highway","default_image_id":0,"font":"","enabled":false},"version":2}},"product_brand":[],"product_cat":[2261,2034],"product_tag":[],"class_list":{"0":"post-85508","1":"product","2":"type-product","3":"status-publish","4":"has-post-thumbnail","6":"product_cat-cursos-talleres","7":"product_cat-todo","8":"product_shipping_class-paquete-pequeno","9":"pa_wandbilder-poster-semibrillante-60x90cm","10":"entry","11":"has-media","13":"first","14":"instock","15":"virtual","16":"taxable","17":"purchasable","18":"product-type-simple"},"jetpack_publicize_connections":[],"jetpack_likes_enabled":true,"jetpack_sharing_enabled":true,"_links":{"self":[{"href":"https:\/\/www.light-style.eu\/es\/wp-json\/wp\/v2\/product\/85508","targetHints":{"allow":["GET"]}}],"collection":[{"href":"https:\/\/www.light-style.eu\/es\/wp-json\/wp\/v2\/product"}],"about":[{"href":"https:\/\/www.light-style.eu\/es\/wp-json\/wp\/v2\/types\/product"}],"wp:featuredmedia":[{"embeddable":true,"href":"https:\/\/www.light-style.eu\/es\/wp-json\/wp\/v2\/media\/78209"}],"wp:attachment":[{"href":"https:\/\/www.light-style.eu\/es\/wp-json\/wp\/v2\/media?parent=85508"}],"wp:term":[{"taxonomy":"product_brand","embeddable":true,"href":"https:\/\/www.light-style.eu\/es\/wp-json\/wp\/v2\/product_brand?post=85508"},{"taxonomy":"product_cat","embeddable":true,"href":"https:\/\/www.light-style.eu\/es\/wp-json\/wp\/v2\/product_cat?post=85508"},{"taxonomy":"product_tag","embeddable":true,"href":"https:\/\/www.light-style.eu\/es\/wp-json\/wp\/v2\/product_tag?post=85508"}],"curies":[{"name":"wp","href":"https:\/\/api.w.org\/{rel}","templated":true}]}}