{"id":66861,"date":"2023-02-08T11:43:37","date_gmt":"2023-02-08T10:43:37","guid":{"rendered":"https:\/\/www.light-style.eu\/portraits-dhommes\/"},"modified":"2025-01-30T11:27:33","modified_gmt":"2025-01-30T10:27:33","slug":"portraits-dhommes","status":"publish","type":"page","link":"https:\/\/www.light-style.eu\/fr\/photographie\/pourquoi-sommes-nous-differents\/bienvenue\/portraits\/portraits-dhommes\/","title":{"rendered":"Portraits d\u2019hommes"},"content":{"rendered":"\n<p class=\"has-text-align-center\"><a href=\"https:\/\/www.light-style.eu\/fr\/photographie\/prenez-rendez-vous-maintenant\/\">Ici, vous pouvez enregistrer votre rendez-vous tout de suite.<\/a><\/p>\n\n<p>Il s\u2019agit maintenant du couronnement de la cr\u00e9ation, nous les hommes&#8230; ; -) \u2013 Ch\u00e8res femmes, s\u2019il vous pla\u00eet, ne me prenez pas trop au s\u00e9rieux \ud83d\ude09<\/p>\n\n<figure class=\"wp-block-image aligncenter size-large is-resized is-style-default\"><a href=\"https:\/\/www.light-style.eu\/bonjour\/willkommen\/portraets\/maennerportraets\/sc18s0104-1592019-alex-schneid-maenner-maennerportraets-model\/\"><img data-recalc-dims=\"1\" decoding=\"async\" src=\"https:\/\/i0.wp.com\/www.light-style.eu\/studiosite\/wp-content\/uploads\/2020\/07\/m%C3%A4nnerportr%C3%A4ts-27.jpg?w=980&#038;ssl=1\" alt=\"\" class=\"wp-image-33586\"\/><\/a><\/figure>\n\n<p>Pour nous, les hommes, il peut \u00eatre un peu plus rugueux et plus robuste. Au lieu de la perfection d\u00e9licate, nous nous concentrons sur l\u2019authenticit\u00e9 et la force. C\u2019est exactement pourquoi j\u2019ai d\u00e9cid\u00e9 de consacrer une page s\u00e9par\u00e9e \u00e0 ce style. Il ne s\u2019agit pas d\u2019images lisses, mais de portraits r\u00e9els et puissants qui refl\u00e8tent votre caract\u00e8re. Capturons votre c\u00f4t\u00e9 individuel \u2013 tel que vous \u00eates vraiment.    <\/p>\n\n<figure class=\"wp-block-image aligncenter size-large is-resized is-style-default\"><a href=\"https:\/\/www.light-style.eu\/fr\/photographie\/pourquoi-sommes-nous-differents\/bienvenue\/portraits\/portraits-dhommes\/p19r0103-542019-maennerportraets-model-poertraet-reza-2\/\"><img data-recalc-dims=\"1\" decoding=\"async\" src=\"https:\/\/i0.wp.com\/www.light-style.eu\/studiosite\/wp-content\/uploads\/2020\/07\/m%C3%A4nnerportr%C3%A4ts-3.jpg?w=980&#038;ssl=1\" alt=\"Portraits d&#x2019;hommes\" class=\"wp-image-33501\" style=\"width:420px;height:auto\"\/><\/a><\/figure>\n\n<p>Vous pouvez voir ici quelques exemples \u2013 souvent du m\u00eame type, mais pr\u00e9sent\u00e9s diff\u00e9remment. Derni\u00e8rement, j\u2019ai eu la chance d\u2019avoir devant la cam\u00e9ra des hommes d\u2019\u00e2ges diff\u00e9rents qui avaient envie d\u2019exp\u00e9rimenter. Cela m\u2019a permis de laisser libre cours \u00e0 ma cr\u00e9ativit\u00e9 et de montrer \u00e0 quel point l\u2019on peut \u00eatre polyvalent mis en valeur. Que ce soit par le choix des v\u00eatements, la pose ou l\u2019\u00e9clairage, il existe d\u2019innombrables fa\u00e7ons de se mettre sous les feux de la rampe. Donc, si vous voulez des photos qui vous montrent la fa\u00e7on dont vous voulez vraiment vous voir, faites-le moi savoir. Parce que le d\u00e9sir d\u2019une photo de vous signifie bien plus que vous ne le pensez au premier coup d\u2019\u0153il !     <\/p>\n\n<div class=\"wp-block-jetpack-tiled-gallery aligncenter is-style-columns\"><div class=\"has-rounded-corners-7\"><div class=\"tiled-gallery__gallery\"><div class=\"tiled-gallery__row\"><div class=\"tiled-gallery__col\" style=\"flex-basis:24.73914%\"><figure class=\"tiled-gallery__item\"><a href=\"https:\/\/www.light-style.eu\/bonjour\/willkommen\/portraets\/maennerportraets\/sc18s0104-1722019-alex-schneid-maenner-maennerportraets-model\/\"><img decoding=\"async\" role=\"button\" tabindex=\"0\" aria-label=\"Ouvrir l\u2019image 1 sur 23 en plein \u00e9cran\"srcset=\"https:\/\/i0.wp.com\/www.light-style.eu\/studiosite\/wp-content\/uploads\/2020\/07\/m%C3%A4nnerportr%C3%A4ts-25.jpg?strip=info&#038;w=600&#038;ssl=1 600w,https:\/\/i0.wp.com\/www.light-style.eu\/studiosite\/wp-content\/uploads\/2020\/07\/m%C3%A4nnerportr%C3%A4ts-25.jpg?strip=info&#038;w=800&#038;ssl=1 800w\" alt=\"Portraits d\u2019hommes\" data-height=\"1200\" data-id=\"33523\" data-link=\"https:\/\/www.light-style.eu\/bonjour\/willkommen\/portraets\/maennerportraets\/sc18s0104-1722019-alex-schneid-maenner-maennerportraets-model\/\" data-url=\"https:\/\/www.light-style.eu\/studiosite\/wp-content\/uploads\/2020\/07\/m\u00e4nnerportr\u00e4ts-25.jpg\" data-width=\"800\" src=\"https:\/\/i0.wp.com\/www.light-style.eu\/studiosite\/wp-content\/uploads\/2020\/07\/m%C3%A4nnerportr%C3%A4ts-25.jpg?ssl=1\" data-amp-layout=\"responsive\" tabindex=\"0\" role=\"button\" aria-label=\"Bild 1 von 23 im Vollbildmodus \u00f6ffnen\"><\/a><\/figure><figure class=\"tiled-gallery__item\"><a href=\"https:\/\/www.light-style.eu\/bonjour\/willkommen\/portraets\/maennerportraets\/sc18s0104-1712019-alex-schneid-maenner-maennerportraets-model\/\"><img decoding=\"async\" role=\"button\" tabindex=\"0\" aria-label=\"Ouvrir l\u2019image 2 sur 23 en plein \u00e9cran\"srcset=\"https:\/\/i0.wp.com\/www.light-style.eu\/studiosite\/wp-content\/uploads\/2020\/07\/m%C3%A4nnerportr%C3%A4ts-24.jpg?strip=info&#038;w=600&#038;ssl=1 600w,https:\/\/i0.wp.com\/www.light-style.eu\/studiosite\/wp-content\/uploads\/2020\/07\/m%C3%A4nnerportr%C3%A4ts-24.jpg?strip=info&#038;w=900&#038;ssl=1 900w,https:\/\/i0.wp.com\/www.light-style.eu\/studiosite\/wp-content\/uploads\/2020\/07\/m%C3%A4nnerportr%C3%A4ts-24.jpg?strip=info&#038;w=1200&#038;ssl=1 1200w\" alt=\"Portraits d\u2019hommes\" data-height=\"800\" data-id=\"33522\" data-link=\"https:\/\/www.light-style.eu\/bonjour\/willkommen\/portraets\/maennerportraets\/sc18s0104-1712019-alex-schneid-maenner-maennerportraets-model\/\" data-url=\"https:\/\/www.light-style.eu\/studiosite\/wp-content\/uploads\/2020\/07\/m\u00e4nnerportr\u00e4ts-24.jpg\" data-width=\"1200\" src=\"https:\/\/i0.wp.com\/www.light-style.eu\/studiosite\/wp-content\/uploads\/2020\/07\/m%C3%A4nnerportr%C3%A4ts-24.jpg?ssl=1\" data-amp-layout=\"responsive\" tabindex=\"0\" role=\"button\" aria-label=\"Bild 2 von 23 im Vollbildmodus \u00f6ffnen\"><\/a><\/figure><figure class=\"tiled-gallery__item\"><a href=\"https:\/\/www.light-style.eu\/bonjour\/willkommen\/portraets\/maennerportraets\/sc18s0104-1412019-alex-schneid-maenner-maennerportraets-model\/\"><img decoding=\"async\" role=\"button\" tabindex=\"0\" aria-label=\"Ouvrir l\u2019image 3 sur 23 en plein \u00e9cran\"srcset=\"https:\/\/i0.wp.com\/www.light-style.eu\/studiosite\/wp-content\/uploads\/2020\/07\/m%C3%A4nnerportr%C3%A4ts-23.jpg?strip=info&#038;w=600&#038;ssl=1 600w,https:\/\/i0.wp.com\/www.light-style.eu\/studiosite\/wp-content\/uploads\/2020\/07\/m%C3%A4nnerportr%C3%A4ts-23.jpg?strip=info&#038;w=800&#038;ssl=1 800w\" alt=\"Portraits d\u2019hommes\" data-height=\"1200\" data-id=\"33521\" data-link=\"https:\/\/www.light-style.eu\/bonjour\/willkommen\/portraets\/maennerportraets\/sc18s0104-1412019-alex-schneid-maenner-maennerportraets-model\/\" data-url=\"https:\/\/www.light-style.eu\/studiosite\/wp-content\/uploads\/2020\/07\/m\u00e4nnerportr\u00e4ts-23.jpg\" data-width=\"800\" src=\"https:\/\/i0.wp.com\/www.light-style.eu\/studiosite\/wp-content\/uploads\/2020\/07\/m%C3%A4nnerportr%C3%A4ts-23.jpg?ssl=1\" data-amp-layout=\"responsive\" tabindex=\"0\" role=\"button\" aria-label=\"Bild 3 von 23 im Vollbildmodus \u00f6ffnen\"><\/a><\/figure><figure class=\"tiled-gallery__item\"><a href=\"https:\/\/www.light-style.eu\/bonjour\/willkommen\/portraets\/maennerportraets\/sc18s0104-1052019-alex-schneid-maenner-maennerportraets-model\/\"><img decoding=\"async\" role=\"button\" tabindex=\"0\" aria-label=\"Ouvrir l\u2019image 4 sur 23 en plein \u00e9cran\"srcset=\"https:\/\/i0.wp.com\/www.light-style.eu\/studiosite\/wp-content\/uploads\/2020\/07\/m%C3%A4nnerportr%C3%A4ts-21.jpg?strip=info&#038;w=600&#038;ssl=1 600w,https:\/\/i0.wp.com\/www.light-style.eu\/studiosite\/wp-content\/uploads\/2020\/07\/m%C3%A4nnerportr%C3%A4ts-21.jpg?strip=info&#038;w=800&#038;ssl=1 800w\" alt=\"Portraits d\u2019hommes\" data-height=\"1200\" data-id=\"33519\" data-link=\"https:\/\/www.light-style.eu\/bonjour\/willkommen\/portraets\/maennerportraets\/sc18s0104-1052019-alex-schneid-maenner-maennerportraets-model\/\" data-url=\"https:\/\/www.light-style.eu\/studiosite\/wp-content\/uploads\/2020\/07\/m\u00e4nnerportr\u00e4ts-21.jpg\" data-width=\"800\" src=\"https:\/\/i0.wp.com\/www.light-style.eu\/studiosite\/wp-content\/uploads\/2020\/07\/m%C3%A4nnerportr%C3%A4ts-21.jpg?ssl=1\" data-amp-layout=\"responsive\" tabindex=\"0\" role=\"button\" aria-label=\"Bild 4 von 23 im Vollbildmodus \u00f6ffnen\"><\/a><\/figure><figure class=\"tiled-gallery__item\"><a href=\"https:\/\/www.light-style.eu\/bonjour\/willkommen\/portraets\/maennerportraets\/sc18s0104-772019-alex-schneid-maenner-maennerportraets-model\/\"><img decoding=\"async\" role=\"button\" tabindex=\"0\" aria-label=\"Ouvrir l\u2019image 5 sur 23 en plein \u00e9cran\"srcset=\"https:\/\/i0.wp.com\/www.light-style.eu\/studiosite\/wp-content\/uploads\/2020\/07\/m%C3%A4nnerportr%C3%A4ts-19.jpg?strip=info&#038;w=600&#038;ssl=1 600w,https:\/\/i0.wp.com\/www.light-style.eu\/studiosite\/wp-content\/uploads\/2020\/07\/m%C3%A4nnerportr%C3%A4ts-19.jpg?strip=info&#038;w=800&#038;ssl=1 800w\" alt=\"Portraits d\u2019hommes\" data-height=\"1200\" data-id=\"33517\" data-link=\"https:\/\/www.light-style.eu\/bonjour\/willkommen\/portraets\/maennerportraets\/sc18s0104-772019-alex-schneid-maenner-maennerportraets-model\/\" data-url=\"https:\/\/www.light-style.eu\/studiosite\/wp-content\/uploads\/2020\/07\/m\u00e4nnerportr\u00e4ts-19.jpg\" data-width=\"800\" src=\"https:\/\/i0.wp.com\/www.light-style.eu\/studiosite\/wp-content\/uploads\/2020\/07\/m%C3%A4nnerportr%C3%A4ts-19.jpg?ssl=1\" data-amp-layout=\"responsive\" tabindex=\"0\" role=\"button\" aria-label=\"Bild 5 von 23 im Vollbildmodus \u00f6ffnen\"><\/a><\/figure><figure class=\"tiled-gallery__item\"><a href=\"https:\/\/www.light-style.eu\/bonjour\/willkommen\/portraets\/maennerportraets\/sc18s0104-422019-alex-schneid-maenner-maennerportraets-model\/\"><img decoding=\"async\" role=\"button\" tabindex=\"0\" aria-label=\"Ouvrir l\u2019image 6 sur 23 en plein \u00e9cran\"srcset=\"https:\/\/i0.wp.com\/www.light-style.eu\/studiosite\/wp-content\/uploads\/2020\/07\/m%C3%A4nnerportr%C3%A4ts-18.jpg?strip=info&#038;w=600&#038;ssl=1 600w,https:\/\/i0.wp.com\/www.light-style.eu\/studiosite\/wp-content\/uploads\/2020\/07\/m%C3%A4nnerportr%C3%A4ts-18.jpg?strip=info&#038;w=800&#038;ssl=1 800w\" alt=\"Portraits d\u2019hommes\" data-height=\"1200\" data-id=\"33516\" data-link=\"https:\/\/www.light-style.eu\/bonjour\/willkommen\/portraets\/maennerportraets\/sc18s0104-422019-alex-schneid-maenner-maennerportraets-model\/\" data-url=\"https:\/\/www.light-style.eu\/studiosite\/wp-content\/uploads\/2020\/07\/m\u00e4nnerportr\u00e4ts-18.jpg\" data-width=\"800\" src=\"https:\/\/i0.wp.com\/www.light-style.eu\/studiosite\/wp-content\/uploads\/2020\/07\/m%C3%A4nnerportr%C3%A4ts-18.jpg?ssl=1\" data-amp-layout=\"responsive\" tabindex=\"0\" role=\"button\" aria-label=\"Bild 6 von 23 im Vollbildmodus \u00f6ffnen\"><\/a><\/figure><\/div><div class=\"tiled-gallery__col\" style=\"flex-basis:22.48267%\"><figure class=\"tiled-gallery__item\"><a href=\"https:\/\/www.light-style.eu\/bonjour\/willkommen\/portraets\/maennerportraets\/sc18s0104-92019-alex-schneid-maenner-maennerportraets-model\/\"><img decoding=\"async\" role=\"button\" tabindex=\"0\" aria-label=\"Ouvrir l\u2019image 7 sur 23 en plein \u00e9cran\"srcset=\"https:\/\/i0.wp.com\/www.light-style.eu\/studiosite\/wp-content\/uploads\/2020\/07\/m%C3%A4nnerportr%C3%A4ts-14.jpg?strip=info&#038;w=600&#038;ssl=1 600w,https:\/\/i0.wp.com\/www.light-style.eu\/studiosite\/wp-content\/uploads\/2020\/07\/m%C3%A4nnerportr%C3%A4ts-14.jpg?strip=info&#038;w=800&#038;ssl=1 800w\" alt=\"Portraits d\u2019hommes\" data-height=\"1200\" data-id=\"33512\" data-link=\"https:\/\/www.light-style.eu\/bonjour\/willkommen\/portraets\/maennerportraets\/sc18s0104-92019-alex-schneid-maenner-maennerportraets-model\/\" data-url=\"https:\/\/www.light-style.eu\/studiosite\/wp-content\/uploads\/2020\/07\/m\u00e4nnerportr\u00e4ts-14.jpg\" data-width=\"800\" src=\"https:\/\/i0.wp.com\/www.light-style.eu\/studiosite\/wp-content\/uploads\/2020\/07\/m%C3%A4nnerportr%C3%A4ts-14.jpg?ssl=1\" data-amp-layout=\"responsive\" tabindex=\"0\" role=\"button\" aria-label=\"Bild 7 von 23 im Vollbildmodus \u00f6ffnen\"><\/a><\/figure><figure class=\"tiled-gallery__item\"><a href=\"https:\/\/www.light-style.eu\/bonjour\/willkommen\/portraets\/maennerportraets\/sc18s0104-172019-alex-schneid-maenner-maennerportraets-model\/\"><img decoding=\"async\" role=\"button\" tabindex=\"0\" aria-label=\"Ouvrir l\u2019image 8 sur 23 en plein \u00e9cran\"srcset=\"https:\/\/i0.wp.com\/www.light-style.eu\/studiosite\/wp-content\/uploads\/2020\/07\/m%C3%A4nnerportr%C3%A4ts-16.jpg?strip=info&#038;w=600&#038;ssl=1 600w,https:\/\/i0.wp.com\/www.light-style.eu\/studiosite\/wp-content\/uploads\/2020\/07\/m%C3%A4nnerportr%C3%A4ts-16.jpg?strip=info&#038;w=800&#038;ssl=1 800w\" alt=\"Portraits d\u2019hommes\" data-height=\"1200\" data-id=\"33514\" data-link=\"https:\/\/www.light-style.eu\/bonjour\/willkommen\/portraets\/maennerportraets\/sc18s0104-172019-alex-schneid-maenner-maennerportraets-model\/\" data-url=\"https:\/\/www.light-style.eu\/studiosite\/wp-content\/uploads\/2020\/07\/m\u00e4nnerportr\u00e4ts-16.jpg\" data-width=\"800\" src=\"https:\/\/i0.wp.com\/www.light-style.eu\/studiosite\/wp-content\/uploads\/2020\/07\/m%C3%A4nnerportr%C3%A4ts-16.jpg?ssl=1\" data-amp-layout=\"responsive\" tabindex=\"0\" role=\"button\" aria-label=\"Bild 8 von 23 im Vollbildmodus \u00f6ffnen\"><\/a><\/figure><figure class=\"tiled-gallery__item\"><a href=\"https:\/\/www.light-style.eu\/bonjour\/willkommen\/portraets\/maennerportraets\/p19r0103-1692019-maennerportraets-model-poertraet-reza\/\"><img decoding=\"async\" role=\"button\" tabindex=\"0\" aria-label=\"Ouvrir l\u2019image 9 sur 23 en plein \u00e9cran\"srcset=\"https:\/\/i0.wp.com\/www.light-style.eu\/studiosite\/wp-content\/uploads\/2020\/07\/m%C3%A4nnerportr%C3%A4ts-12.jpg?strip=info&#038;w=600&#038;ssl=1 600w,https:\/\/i0.wp.com\/www.light-style.eu\/studiosite\/wp-content\/uploads\/2020\/07\/m%C3%A4nnerportr%C3%A4ts-12.jpg?strip=info&#038;w=800&#038;ssl=1 800w\" alt=\"Portraits d\u2019hommes\" data-height=\"1200\" data-id=\"33510\" data-link=\"https:\/\/www.light-style.eu\/bonjour\/willkommen\/portraets\/maennerportraets\/p19r0103-1692019-maennerportraets-model-poertraet-reza\/\" data-url=\"https:\/\/www.light-style.eu\/studiosite\/wp-content\/uploads\/2020\/07\/m\u00e4nnerportr\u00e4ts-12.jpg\" data-width=\"800\" src=\"https:\/\/i0.wp.com\/www.light-style.eu\/studiosite\/wp-content\/uploads\/2020\/07\/m%C3%A4nnerportr%C3%A4ts-12.jpg?ssl=1\" data-amp-layout=\"responsive\" tabindex=\"0\" role=\"button\" aria-label=\"Bild 9 von 23 im Vollbildmodus \u00f6ffnen\"><\/a><\/figure><figure class=\"tiled-gallery__item\"><a href=\"https:\/\/www.light-style.eu\/bonjour\/willkommen\/portraets\/maennerportraets\/p19r0103-1642019-maennerportraets-model-poertraet-reza\/\"><img decoding=\"async\" role=\"button\" tabindex=\"0\" aria-label=\"Ouvrir l\u2019image 10 sur 23 en plein \u00e9cran\"srcset=\"https:\/\/i0.wp.com\/www.light-style.eu\/studiosite\/wp-content\/uploads\/2020\/07\/m%C3%A4nnerportr%C3%A4ts-11.jpg?strip=info&#038;w=600&#038;ssl=1 600w,https:\/\/i0.wp.com\/www.light-style.eu\/studiosite\/wp-content\/uploads\/2020\/07\/m%C3%A4nnerportr%C3%A4ts-11.jpg?strip=info&#038;w=800&#038;ssl=1 800w\" alt=\"Portraits d\u2019hommes\" data-height=\"1200\" data-id=\"33509\" data-link=\"https:\/\/www.light-style.eu\/bonjour\/willkommen\/portraets\/maennerportraets\/p19r0103-1642019-maennerportraets-model-poertraet-reza\/\" data-url=\"https:\/\/www.light-style.eu\/studiosite\/wp-content\/uploads\/2020\/07\/m\u00e4nnerportr\u00e4ts-11.jpg\" data-width=\"800\" src=\"https:\/\/i0.wp.com\/www.light-style.eu\/studiosite\/wp-content\/uploads\/2020\/07\/m%C3%A4nnerportr%C3%A4ts-11.jpg?ssl=1\" data-amp-layout=\"responsive\" tabindex=\"0\" role=\"button\" aria-label=\"Bild 10 von 23 im Vollbildmodus \u00f6ffnen\"><\/a><\/figure><figure class=\"tiled-gallery__item\"><a href=\"https:\/\/www.light-style.eu\/bonjour\/willkommen\/portraets\/maennerportraets\/p19r0103-542019-maennerportraets-model-poertraet-reza\/\"><img decoding=\"async\" role=\"button\" tabindex=\"0\" aria-label=\"Ouvrir l\u2019image 11 sur 23 en plein \u00e9cran\"srcset=\"https:\/\/i0.wp.com\/www.light-style.eu\/studiosite\/wp-content\/uploads\/2020\/07\/m%C3%A4nnerportr%C3%A4ts-3.jpg?strip=info&#038;w=600&#038;ssl=1 600w,https:\/\/i0.wp.com\/www.light-style.eu\/studiosite\/wp-content\/uploads\/2020\/07\/m%C3%A4nnerportr%C3%A4ts-3.jpg?strip=info&#038;w=800&#038;ssl=1 800w\" alt=\"Portraits d\u2019hommes\" data-height=\"1200\" data-id=\"33501\" data-link=\"https:\/\/www.light-style.eu\/bonjour\/willkommen\/portraets\/maennerportraets\/p19r0103-542019-maennerportraets-model-poertraet-reza\/\" data-url=\"https:\/\/www.light-style.eu\/studiosite\/wp-content\/uploads\/2020\/07\/m\u00e4nnerportr\u00e4ts-3.jpg\" data-width=\"800\" src=\"https:\/\/i0.wp.com\/www.light-style.eu\/studiosite\/wp-content\/uploads\/2020\/07\/m%C3%A4nnerportr%C3%A4ts-3.jpg?ssl=1\" data-amp-layout=\"responsive\" tabindex=\"0\" role=\"button\" aria-label=\"Bild 11 von 23 im Vollbildmodus \u00f6ffnen\"><\/a><\/figure><figure class=\"tiled-gallery__item\"><a href=\"https:\/\/www.light-style.eu\/bonjour\/willkommen\/portraets\/maennerportraets\/p19r0103-322019-maennerportraets-model-poertraet-reza\/\"><img decoding=\"async\" role=\"button\" tabindex=\"0\" aria-label=\"Ouvrir l\u2019image 12 sur 23 en plein \u00e9cran\"srcset=\"https:\/\/i0.wp.com\/www.light-style.eu\/studiosite\/wp-content\/uploads\/2020\/07\/m%C3%A4nnerportr%C3%A4ts-2.jpg?strip=info&#038;w=600&#038;ssl=1 600w,https:\/\/i0.wp.com\/www.light-style.eu\/studiosite\/wp-content\/uploads\/2020\/07\/m%C3%A4nnerportr%C3%A4ts-2.jpg?strip=info&#038;w=800&#038;ssl=1 800w\" alt=\"Portraits d\u2019hommes\" data-height=\"1200\" data-id=\"33500\" data-link=\"https:\/\/www.light-style.eu\/bonjour\/willkommen\/portraets\/maennerportraets\/p19r0103-322019-maennerportraets-model-poertraet-reza\/\" data-url=\"https:\/\/www.light-style.eu\/studiosite\/wp-content\/uploads\/2020\/07\/m\u00e4nnerportr\u00e4ts-2.jpg\" data-width=\"800\" src=\"https:\/\/i0.wp.com\/www.light-style.eu\/studiosite\/wp-content\/uploads\/2020\/07\/m%C3%A4nnerportr%C3%A4ts-2.jpg?ssl=1\" data-amp-layout=\"responsive\" tabindex=\"0\" role=\"button\" aria-label=\"Bild 12 von 23 im Vollbildmodus \u00f6ffnen\"><\/a><\/figure><\/div><div class=\"tiled-gallery__col\" style=\"flex-basis:22.48267%\"><figure class=\"tiled-gallery__item\"><a href=\"https:\/\/www.light-style.eu\/bonjour\/willkommen\/portraets\/maennerportraets\/p19r0103-752019-maennerportraets-model-poertraet-reza\/\"><img decoding=\"async\" role=\"button\" tabindex=\"0\" aria-label=\"Ouvrir l\u2019image 13 sur 23 en plein \u00e9cran\"srcset=\"https:\/\/i0.wp.com\/www.light-style.eu\/studiosite\/wp-content\/uploads\/2020\/07\/m%C3%A4nnerportr%C3%A4ts-5.jpg?strip=info&#038;w=600&#038;ssl=1 600w,https:\/\/i0.wp.com\/www.light-style.eu\/studiosite\/wp-content\/uploads\/2020\/07\/m%C3%A4nnerportr%C3%A4ts-5.jpg?strip=info&#038;w=800&#038;ssl=1 800w\" alt=\"Portraits d\u2019hommes\" data-height=\"1200\" data-id=\"33503\" data-link=\"https:\/\/www.light-style.eu\/bonjour\/willkommen\/portraets\/maennerportraets\/p19r0103-752019-maennerportraets-model-poertraet-reza\/\" data-url=\"https:\/\/www.light-style.eu\/studiosite\/wp-content\/uploads\/2020\/07\/m\u00e4nnerportr\u00e4ts-5.jpg\" data-width=\"800\" src=\"https:\/\/i0.wp.com\/www.light-style.eu\/studiosite\/wp-content\/uploads\/2020\/07\/m%C3%A4nnerportr%C3%A4ts-5.jpg?ssl=1\" data-amp-layout=\"responsive\" tabindex=\"0\" role=\"button\" aria-label=\"Bild 13 von 23 im Vollbildmodus \u00f6ffnen\"><\/a><\/figure><figure class=\"tiled-gallery__item\"><a href=\"https:\/\/www.light-style.eu\/bonjour\/willkommen\/portraets\/maennerportraets\/p19r0103-942019-maennerportraets-model-poertraet-reza\/\"><img decoding=\"async\" role=\"button\" tabindex=\"0\" aria-label=\"Ouvrir l\u2019image 14 sur 23 en plein \u00e9cran\"srcset=\"https:\/\/i0.wp.com\/www.light-style.eu\/studiosite\/wp-content\/uploads\/2020\/07\/m%C3%A4nnerportr%C3%A4ts-6.jpg?strip=info&#038;w=600&#038;ssl=1 600w,https:\/\/i0.wp.com\/www.light-style.eu\/studiosite\/wp-content\/uploads\/2020\/07\/m%C3%A4nnerportr%C3%A4ts-6.jpg?strip=info&#038;w=800&#038;ssl=1 800w\" alt=\"Portraits d\u2019hommes\" data-height=\"1200\" data-id=\"33504\" data-link=\"https:\/\/www.light-style.eu\/bonjour\/willkommen\/portraets\/maennerportraets\/p19r0103-942019-maennerportraets-model-poertraet-reza\/\" data-url=\"https:\/\/www.light-style.eu\/studiosite\/wp-content\/uploads\/2020\/07\/m\u00e4nnerportr\u00e4ts-6.jpg\" data-width=\"800\" src=\"https:\/\/i0.wp.com\/www.light-style.eu\/studiosite\/wp-content\/uploads\/2020\/07\/m%C3%A4nnerportr%C3%A4ts-6.jpg?ssl=1\" data-amp-layout=\"responsive\" tabindex=\"0\" role=\"button\" aria-label=\"Bild 14 von 23 im Vollbildmodus \u00f6ffnen\"><\/a><\/figure><figure class=\"tiled-gallery__item\"><a href=\"https:\/\/www.light-style.eu\/bonjour\/willkommen\/portraets\/maennerportraets\/p19r0103-672019-maennerportraets-model-poertraet-reza\/\"><img decoding=\"async\" role=\"button\" tabindex=\"0\" aria-label=\"Ouvrir l\u2019image 15 sur 23 en plein \u00e9cran\"srcset=\"https:\/\/i0.wp.com\/www.light-style.eu\/studiosite\/wp-content\/uploads\/2020\/07\/m%C3%A4nnerportr%C3%A4ts-4.jpg?strip=info&#038;w=600&#038;ssl=1 600w,https:\/\/i0.wp.com\/www.light-style.eu\/studiosite\/wp-content\/uploads\/2020\/07\/m%C3%A4nnerportr%C3%A4ts-4.jpg?strip=info&#038;w=800&#038;ssl=1 800w\" alt=\"Portraits d\u2019hommes\" data-height=\"1200\" data-id=\"33502\" data-link=\"https:\/\/www.light-style.eu\/bonjour\/willkommen\/portraets\/maennerportraets\/p19r0103-672019-maennerportraets-model-poertraet-reza\/\" data-url=\"https:\/\/www.light-style.eu\/studiosite\/wp-content\/uploads\/2020\/07\/m\u00e4nnerportr\u00e4ts-4.jpg\" data-width=\"800\" src=\"https:\/\/i0.wp.com\/www.light-style.eu\/studiosite\/wp-content\/uploads\/2020\/07\/m%C3%A4nnerportr%C3%A4ts-4.jpg?ssl=1\" data-amp-layout=\"responsive\" tabindex=\"0\" role=\"button\" aria-label=\"Bild 15 von 23 im Vollbildmodus \u00f6ffnen\"><\/a><\/figure><figure class=\"tiled-gallery__item\"><a href=\"https:\/\/www.light-style.eu\/bonjour\/willkommen\/portraets\/maennerportraets\/p19r0103-1302019-maennerportraets-model-poertraet-reza\/\"><img decoding=\"async\" role=\"button\" tabindex=\"0\" aria-label=\"Ouvrir l\u2019image 16 sur 23 en plein \u00e9cran\"srcset=\"https:\/\/i0.wp.com\/www.light-style.eu\/studiosite\/wp-content\/uploads\/2020\/07\/m%C3%A4nnerportr%C3%A4ts-8.jpg?strip=info&#038;w=600&#038;ssl=1 600w,https:\/\/i0.wp.com\/www.light-style.eu\/studiosite\/wp-content\/uploads\/2020\/07\/m%C3%A4nnerportr%C3%A4ts-8.jpg?strip=info&#038;w=800&#038;ssl=1 800w\" alt=\"Portraits d\u2019hommes\" data-height=\"1200\" data-id=\"33506\" data-link=\"https:\/\/www.light-style.eu\/bonjour\/willkommen\/portraets\/maennerportraets\/p19r0103-1302019-maennerportraets-model-poertraet-reza\/\" data-url=\"https:\/\/www.light-style.eu\/studiosite\/wp-content\/uploads\/2020\/07\/m\u00e4nnerportr\u00e4ts-8.jpg\" data-width=\"800\" src=\"https:\/\/i0.wp.com\/www.light-style.eu\/studiosite\/wp-content\/uploads\/2020\/07\/m%C3%A4nnerportr%C3%A4ts-8.jpg?ssl=1\" data-amp-layout=\"responsive\" tabindex=\"0\" role=\"button\" aria-label=\"Bild 16 von 23 im Vollbildmodus \u00f6ffnen\"><\/a><\/figure><figure class=\"tiled-gallery__item\"><a href=\"https:\/\/www.light-style.eu\/bonjour\/willkommen\/portraets\/portraets-speciale\/portraet-speciale-7\/\"><img decoding=\"async\" role=\"button\" tabindex=\"0\" aria-label=\"Ouvrir l\u2019image 17 sur 23 en plein \u00e9cran\"srcset=\"https:\/\/i0.wp.com\/www.light-style.eu\/studiosite\/wp-content\/uploads\/2017\/10\/portr%C3%A4ts-speciale-18.jpg?strip=info&#038;w=600&#038;ssl=1 600w,https:\/\/i0.wp.com\/www.light-style.eu\/studiosite\/wp-content\/uploads\/2017\/10\/portr%C3%A4ts-speciale-18.jpg?strip=info&#038;w=800&#038;ssl=1 800w\" alt=\"Portraits sp\u00e9ciaux\" data-height=\"1200\" data-id=\"1110\" data-link=\"https:\/\/www.light-style.eu\/bonjour\/willkommen\/portraets\/portraets-speciale\/portraet-speciale-7\/\" data-url=\"https:\/\/www.light-style.eu\/studiosite\/wp-content\/uploads\/2017\/10\/portr\u00e4ts-speciale-18.jpg\" data-width=\"800\" src=\"https:\/\/i0.wp.com\/www.light-style.eu\/studiosite\/wp-content\/uploads\/2017\/10\/portr%C3%A4ts-speciale-18.jpg?ssl=1\" data-amp-layout=\"responsive\" tabindex=\"0\" role=\"button\" aria-label=\"Bild 17 von 23 im Vollbildmodus \u00f6ffnen\"><\/a><\/figure><figure class=\"tiled-gallery__item\"><a href=\"https:\/\/www.light-style.eu\/bonjour\/willkommen\/portraets\/img_0191\/\"><img decoding=\"async\" role=\"button\" tabindex=\"0\" aria-label=\"Ouvrir l\u2019image 18 sur 23 en plein \u00e9cran\"srcset=\"https:\/\/i0.wp.com\/www.light-style.eu\/studiosite\/wp-content\/uploads\/2016\/09\/portr%C3%A4ts-83.jpg?strip=info&#038;w=600&#038;ssl=1 600w\" alt=\"Portraits\" data-height=\"900\" data-id=\"549\" data-link=\"https:\/\/www.light-style.eu\/bonjour\/willkommen\/portraets\/img_0191\/\" data-url=\"https:\/\/www.light-style.eu\/studiosite\/wp-content\/uploads\/2016\/09\/portr\u00e4ts-83.jpg\" data-width=\"600\" src=\"https:\/\/i0.wp.com\/www.light-style.eu\/studiosite\/wp-content\/uploads\/2016\/09\/portr%C3%A4ts-83.jpg?ssl=1\" data-amp-layout=\"responsive\" tabindex=\"0\" role=\"button\" aria-label=\"Bild 18 von 23 im Vollbildmodus \u00f6ffnen\"><\/a><\/figure><\/div><div class=\"tiled-gallery__col\" style=\"flex-basis:30.29553%\"><figure class=\"tiled-gallery__item\"><a href=\"https:\/\/www.light-style.eu\/bonjour\/willkommen\/portraets\/marcel-5-kopie\/\"><img decoding=\"async\" role=\"button\" tabindex=\"0\" aria-label=\"Ouvrir l\u2019image 19 sur 23 en plein \u00e9cran\"srcset=\"https:\/\/i0.wp.com\/www.light-style.eu\/studiosite\/wp-content\/uploads\/2016\/09\/portr%C3%A4ts-48.jpg?strip=info&#038;w=600&#038;ssl=1 600w,https:\/\/i0.wp.com\/www.light-style.eu\/studiosite\/wp-content\/uploads\/2016\/09\/portr%C3%A4ts-48.jpg?strip=info&#038;w=800&#038;ssl=1 800w\" alt=\"Portraits\" data-height=\"1200\" data-id=\"514\" data-link=\"https:\/\/www.light-style.eu\/bonjour\/willkommen\/portraets\/marcel-5-kopie\/\" data-url=\"https:\/\/www.light-style.eu\/studiosite\/wp-content\/uploads\/2016\/09\/portr\u00e4ts-48.jpg\" data-width=\"800\" src=\"https:\/\/i0.wp.com\/www.light-style.eu\/studiosite\/wp-content\/uploads\/2016\/09\/portr%C3%A4ts-48.jpg?ssl=1\" data-amp-layout=\"responsive\" tabindex=\"0\" role=\"button\" aria-label=\"Bild 19 von 23 im Vollbildmodus \u00f6ffnen\"><\/a><\/figure><figure class=\"tiled-gallery__item\"><a href=\"https:\/\/www.light-style.eu\/bonjour\/willkommen\/portraets\/marcel-276-bearbeitet-kopie\/\"><img decoding=\"async\" role=\"button\" tabindex=\"0\" aria-label=\"Ouvrir l\u2019image 20 sur 23 en plein \u00e9cran\"srcset=\"https:\/\/i0.wp.com\/www.light-style.eu\/studiosite\/wp-content\/uploads\/2016\/09\/portr%C3%A4ts-54.jpg?strip=info&#038;w=600&#038;ssl=1 600w,https:\/\/i0.wp.com\/www.light-style.eu\/studiosite\/wp-content\/uploads\/2016\/09\/portr%C3%A4ts-54.jpg?strip=info&#038;w=800&#038;ssl=1 800w\" alt=\"Portraits\" data-height=\"1200\" data-id=\"520\" data-link=\"https:\/\/www.light-style.eu\/bonjour\/willkommen\/portraets\/marcel-276-bearbeitet-kopie\/\" data-url=\"https:\/\/www.light-style.eu\/studiosite\/wp-content\/uploads\/2016\/09\/portr\u00e4ts-54.jpg\" data-width=\"800\" src=\"https:\/\/i0.wp.com\/www.light-style.eu\/studiosite\/wp-content\/uploads\/2016\/09\/portr%C3%A4ts-54.jpg?ssl=1\" data-amp-layout=\"responsive\" tabindex=\"0\" role=\"button\" aria-label=\"Bild 20 von 23 im Vollbildmodus \u00f6ffnen\"><\/a><\/figure><figure class=\"tiled-gallery__item\"><a href=\"https:\/\/www.light-style.eu\/bonjour\/willkommen\/portraets\/_mg_0188_0594\/\"><img decoding=\"async\" role=\"button\" tabindex=\"0\" aria-label=\"Ouvrir l\u2019image 21 sur 23 en plein \u00e9cran\"srcset=\"https:\/\/i0.wp.com\/www.light-style.eu\/studiosite\/wp-content\/uploads\/2016\/09\/portr%C3%A4ts-75.jpg?strip=info&#038;w=600&#038;ssl=1 600w,https:\/\/i0.wp.com\/www.light-style.eu\/studiosite\/wp-content\/uploads\/2016\/09\/portr%C3%A4ts-75.jpg?strip=info&#038;w=800&#038;ssl=1 800w\" alt=\"Portraits\" data-height=\"1200\" data-id=\"541\" data-link=\"https:\/\/www.light-style.eu\/bonjour\/willkommen\/portraets\/_mg_0188_0594\/\" data-url=\"https:\/\/www.light-style.eu\/studiosite\/wp-content\/uploads\/2016\/09\/portr\u00e4ts-75.jpg\" data-width=\"800\" src=\"https:\/\/i0.wp.com\/www.light-style.eu\/studiosite\/wp-content\/uploads\/2016\/09\/portr%C3%A4ts-75.jpg?ssl=1\" data-amp-layout=\"responsive\" tabindex=\"0\" role=\"button\" aria-label=\"Bild 21 von 23 im Vollbildmodus \u00f6ffnen\"><\/a><\/figure><figure class=\"tiled-gallery__item\"><a href=\"https:\/\/www.light-style.eu\/fr\/photographie\/pourquoi-sommes-nous-differents\/bienvenue\/portraits\/portraits-dhommes\/bernie-sportler-rough-71-2-2\/\"><img decoding=\"async\" role=\"button\" tabindex=\"0\" aria-label=\"Ouvrir l\u2019image 22 sur 23 en plein \u00e9cran\"srcset=\"https:\/\/i0.wp.com\/www.light-style.eu\/studiosite\/wp-content\/uploads\/2024\/11\/Bernie-Sportler-rough-71-1.jpg?strip=info&#038;w=600&#038;ssl=1 600w,https:\/\/i0.wp.com\/www.light-style.eu\/studiosite\/wp-content\/uploads\/2024\/11\/Bernie-Sportler-rough-71-1.jpg?strip=info&#038;w=900&#038;ssl=1 900w,https:\/\/i0.wp.com\/www.light-style.eu\/studiosite\/wp-content\/uploads\/2024\/11\/Bernie-Sportler-rough-71-1.jpg?strip=info&#038;w=1200&#038;ssl=1 1200w\" alt=\"\" data-height=\"800\" data-id=\"72912\" data-link=\"https:\/\/www.light-style.eu\/bonjour\/warum-sind-wir-anders\/willkommen\/portraets\/maennerportraets\/bernie-sportler-rough-71-2\/\" data-url=\"https:\/\/www.light-style.eu\/studiosite\/wp-content\/uploads\/2024\/11\/Bernie-Sportler-rough-71-1.jpg\" data-width=\"1200\" src=\"https:\/\/i0.wp.com\/www.light-style.eu\/studiosite\/wp-content\/uploads\/2024\/11\/Bernie-Sportler-rough-71-1.jpg?ssl=1\" data-amp-layout=\"responsive\" tabindex=\"0\" role=\"button\" aria-label=\"Bild 22 von 23 im Vollbildmodus \u00f6ffnen\"><\/a><\/figure><figure class=\"tiled-gallery__item\"><a href=\"https:\/\/www.light-style.eu\/fr\/photographie\/pourquoi-sommes-nous-differents\/bienvenue\/portraits\/portraits-dhommes\/bernie-sportler-rough-17-2\/\"><img decoding=\"async\" role=\"button\" tabindex=\"0\" aria-label=\"Ouvrir l\u2019image 23 sur 23 en plein \u00e9cran\"srcset=\"https:\/\/i0.wp.com\/www.light-style.eu\/studiosite\/wp-content\/uploads\/2024\/11\/Bernie-Sportler-rough-17.jpg?strip=info&#038;w=600&#038;ssl=1 600w,https:\/\/i0.wp.com\/www.light-style.eu\/studiosite\/wp-content\/uploads\/2024\/11\/Bernie-Sportler-rough-17.jpg?strip=info&#038;w=800&#038;ssl=1 800w\" alt=\"\" data-height=\"1200\" data-id=\"72907\" data-link=\"https:\/\/www.light-style.eu\/bonjour\/warum-sind-wir-anders\/willkommen\/portraets\/maennerportraets\/bernie-sportler-rough-17\/\" data-url=\"https:\/\/www.light-style.eu\/studiosite\/wp-content\/uploads\/2024\/11\/Bernie-Sportler-rough-17.jpg\" data-width=\"800\" src=\"https:\/\/i0.wp.com\/www.light-style.eu\/studiosite\/wp-content\/uploads\/2024\/11\/Bernie-Sportler-rough-17.jpg?ssl=1\" data-amp-layout=\"responsive\" tabindex=\"0\" role=\"button\" aria-label=\"Bild 23 von 23 im Vollbildmodus \u00f6ffnen\"><\/a><\/figure><\/div><\/div><\/div><\/div><\/div>\n","protected":false},"excerpt":{"rendered":"<p>Ici, vous pouvez enregistrer votre rendez-vous tout de suite. Il s\u2019agit maintenant du couronnement de la cr\u00e9ation, nous les hommes&#8230; ; -) \u2013 Ch\u00e8res femmes, s\u2019il vous pla\u00eet, ne me prenez pas trop au s\u00e9rieux \ud83d\ude09 Pour nous, les hommes, il peut \u00eatre un peu plus rugueux et plus robuste. Au lieu de la perfection&hellip;<\/p>\n","protected":false},"author":1,"featured_media":0,"parent":67209,"menu_order":0,"comment_status":"closed","ping_status":"closed","template":"","meta":{"advanced_seo_description":"","jetpack_seo_html_title":"","jetpack_seo_noindex":false,"ngg_post_thumbnail":0,"footnotes":""},"class_list":["post-66861","page","type-page","status-publish","hentry","entry","no-media"],"jetpack_likes_enabled":true,"jetpack_sharing_enabled":true,"_links":{"self":[{"href":"https:\/\/www.light-style.eu\/fr\/wp-json\/wp\/v2\/pages\/66861","targetHints":{"allow":["GET"]}}],"collection":[{"href":"https:\/\/www.light-style.eu\/fr\/wp-json\/wp\/v2\/pages"}],"about":[{"href":"https:\/\/www.light-style.eu\/fr\/wp-json\/wp\/v2\/types\/page"}],"author":[{"embeddable":true,"href":"https:\/\/www.light-style.eu\/fr\/wp-json\/wp\/v2\/users\/1"}],"replies":[{"embeddable":true,"href":"https:\/\/www.light-style.eu\/fr\/wp-json\/wp\/v2\/comments?post=66861"}],"version-history":[{"count":0,"href":"https:\/\/www.light-style.eu\/fr\/wp-json\/wp\/v2\/pages\/66861\/revisions"}],"up":[{"embeddable":true,"href":"https:\/\/www.light-style.eu\/fr\/wp-json\/wp\/v2\/pages\/67209"}],"wp:attachment":[{"href":"https:\/\/www.light-style.eu\/fr\/wp-json\/wp\/v2\/media?parent=66861"}],"curies":[{"name":"wp","href":"https:\/\/api.w.org\/{rel}","templated":true}]}}