{"id":67176,"date":"2023-02-08T11:44:22","date_gmt":"2023-02-08T10:44:22","guid":{"rendered":"https:\/\/www.light-style.eu\/photographie\/pourquoi-sommes-nous-differents\/bienvenue\/publicite-et-photographie-daffaires\/portraits-dentreprises\/"},"modified":"2025-12-09T12:35:52","modified_gmt":"2025-12-09T11:35:52","slug":"portraits-dentreprises","status":"publish","type":"page","link":"https:\/\/www.light-style.eu\/fr\/photographie\/pourquoi-sommes-nous-differents\/bienvenue\/publicite-et-photographie-daffaires\/portraits-dentreprises\/","title":{"rendered":"Portraits d\u2019entreprises"},"content":{"rendered":"\n<p class=\"has-text-align-center\"><span style=\"font-size: 21px;\"><strong>Sur la voie de la r\u00e9ussite professionnelle<\/strong><\/span><\/p>\n\n<figure class=\"wp-block-image aligncenter is-style-default\"><a href=\"https:\/\/www.light-style.eu\/bonjour\/willkommen\/werbe-businessfotografie\/business-portraets\/tanja-fitness-85\/\"><img data-recalc-dims=\"1\" height=\"300\" width=\"200\" decoding=\"async\" src=\"https:\/\/i0.wp.com\/www.light-style.eu\/studiosite\/wp-content\/uploads\/2016\/09\/business-portr%C3%A4ts-2-200x300.jpg?resize=200%2C300&#038;ssl=1\" alt=\"Portraits d&#x2019;entreprises\" class=\"wp-image-623\"\/><\/a><\/figure>\n\n<p class=\"has-medium-font-size\">Qui ne le sait pas ? Vous naviguez sur le site web de l\u2019entreprise ou sur l\u2019intranet et souriez aux photos \u00ab int\u00e9ressantes \u00bb de vos coll\u00e8gues.   <\/p>\n\n<figure class=\"wp-block-image aligncenter size-large is-resized\"><a href=\"https:\/\/www.light-style.eu\/fr\/photographie\/pourquoi-sommes-nous-differents\/bienvenue\/publicite-et-photographie-daffaires\/portraits-dentreprises\/businessportraet-5-2\/\"><img data-recalc-dims=\"1\" loading=\"lazy\" decoding=\"async\" width=\"800\" height=\"1200\" src=\"https:\/\/i0.wp.com\/www.light-style.eu\/studiosite\/wp-content\/uploads\/2021\/02\/business-portraets.jpg?resize=800%2C1200&#038;ssl=1\" alt=\"Portraits d&#x2019;entreprises\" class=\"wp-image-45873\" style=\"width:268px;height:auto\" srcset=\"https:\/\/i0.wp.com\/www.light-style.eu\/studiosite\/wp-content\/uploads\/2021\/02\/business-portraets.jpg?w=200&amp;ssl=1 200w, https:\/\/i0.wp.com\/www.light-style.eu\/studiosite\/wp-content\/uploads\/2021\/02\/business-portraets.jpg?w=768&amp;ssl=1 768w, https:\/\/i0.wp.com\/www.light-style.eu\/studiosite\/wp-content\/uploads\/2021\/02\/business-portraets.jpg?w=600&amp;ssl=1 600w, https:\/\/i0.wp.com\/www.light-style.eu\/studiosite\/wp-content\/uploads\/2021\/02\/business-portraets.jpg?w=800&amp;ssl=1 800w\" sizes=\"auto, (max-width: 800px) 100vw, 800px\" \/><\/a><\/figure>\n\n<figure class=\"wp-block-image alignright is-style-default\"><img data-recalc-dims=\"1\" height=\"300\" width=\"200\" decoding=\"async\" src=\"https:\/\/i0.wp.com\/www.light-style.eu\/studiosite\/wp-content\/uploads\/2016\/09\/business-portr%C3%A4ts-200x300.jpg?resize=200%2C300&#038;ssl=1\" alt=\"Portraits d&#x2019;entreprises\" class=\"wp-image-622\"\/><\/figure>\n\n<figure class=\"wp-block-image alignleft is-style-default\"><img data-recalc-dims=\"1\" height=\"300\" width=\"200\" decoding=\"async\" src=\"https:\/\/i0.wp.com\/www.light-style.eu\/studiosite\/wp-content\/uploads\/2016\/09\/business-portr%C3%A4ts-3-200x300.jpg?resize=200%2C300&#038;ssl=1\" alt=\"Portraits d&#x2019;entreprises\" class=\"wp-image-624\"\/><\/figure>\n\n<p class=\"has-text-align-center\"><strong>Votre portrait d\u2019entreprise \u2013 la premi\u00e8re impression qui dure !<\/strong><\/p>\n\n<p><span style=\"font-size: 21px;\">\u00ab Un portrait d\u2019entreprise convaincant est plus qu\u2019une simple photo, c\u2019est votre carte de visite visuelle ! Nous mettons habilement en sc\u00e8ne votre portrait avec un \u00e9clairage pr\u00e9cis, un langage corporel cibl\u00e9 et un positionnement bien pens\u00e9 afin de faire ressortir au mieux votre professionnalisme et votre personnalit\u00e9. Chaque d\u00e9tail est pris en compte pour faire l\u2019impression parfaite \u2013 de la premi\u00e8re impression \u00e0 la mise au point en passant par la retouche professionnelle. Faites confiance \u00e0 notre expertise pour que votre portrait d\u2019entreprise soit aussi fort que votre carri\u00e8re\u00a0!<\/span><span style=\"font-size: 21px;\"><\/span><\/p>\n\n<p>\u00ab\u00a0Chez nous, votre portrait d\u2019entreprise n\u2019est pas un produit de masse, mais sera adapt\u00e9 individuellement \u00e0 votre type, \u00e0 votre secteur d\u2019activit\u00e9 et \u00e0 votre charisme personnel. Notre objectif est que vous impressionniez vos clients d\u00e8s le premier instant, que ce soit dans le studio, dans vos locaux commerciaux ou \u00e0 l\u2019ext\u00e9rieur. Nous prenons le temps de prendre plusieurs clich\u00e9s jusqu\u2019\u00e0 ce que nous trouvions ensemble la photo parfaite qui refl\u00e8te votre personnalit\u00e9 et votre professionnalisme. En r\u00e8gle g\u00e9n\u00e9rale, 10 \u00e0 20 photos sont prises dans diff\u00e9rentes poses, vous \u00eates donc assur\u00e9 d\u2019obtenir un r\u00e9sultat optimal.<\/p>\n\n<figure class=\"wp-block-image aligncenter is-style-default\"><a href=\"https:\/\/www.light-style.eu\/bonjour\/willkommen\/werbe-businessfotografie\/business-portraets\/casting-ruegen-0137-2\/\"><img data-recalc-dims=\"1\" height=\"300\" width=\"200\" decoding=\"async\" src=\"https:\/\/i0.wp.com\/www.light-style.eu\/studiosite\/wp-content\/uploads\/2016\/09\/business-portr%C3%A4ts-4-200x300.jpg?resize=200%2C300&#038;ssl=1\" alt=\"Portraits d&#x2019;entreprises\" class=\"wp-image-625\"\/><\/a><\/figure>\n\n<p><span style=\"font-size: 21px;\">Donnez \u00e0 votre entreprise l&rsquo;image qu&rsquo;elle m\u00e9rite, m\u00eame aupr\u00e8s de vos employ\u00e9s. <\/span><\/p>\n\n<figure class=\"wp-block-image aligncenter is-style-default\"><a href=\"https:\/\/www.light-style.eu\/bonjour\/willkommen\/werbe-businessfotografie\/business-portraets\/businessportraet\/\"><img data-recalc-dims=\"1\" height=\"200\" width=\"300\" decoding=\"async\" src=\"https:\/\/i0.wp.com\/www.light-style.eu\/studiosite\/wp-content\/uploads\/2016\/09\/business-portr%C3%A4ts-6-300x200.jpg?resize=300%2C200&#038;ssl=1\" alt=\"Portraits d&#x2019;entreprises\" class=\"wp-image-1090\"\/><\/a><\/figure>\n\n<p><span style=\"font-size: 18px;\"><em>Bien s\u00fbr, nous vous proposons \u00e9galement un shooting <strong>personnalit\u00e9<\/strong> , un shooting o\u00f9 nous prenons soin de vous pendant toute une journ\u00e9e.\nDans la discussion pr\u00e9liminaire intensive, nous explorons votre type, ce que vous aimez, ce que vous n\u2019aimez pas, quels sont vos int\u00e9r\u00eats, ce que vous voulez exprimer avec la photo, et bien plus encore.\nFaites simplement l\u2019exp\u00e9rience d\u2019un morceau de votre personnalit\u00e9.\nEnsuite, nous r\u00e9fl\u00e9chissons \u00e0 la fa\u00e7on dont nous pouvons mettre cela en sc\u00e8ne dans un grand tournage.\nEt enfin la prise de vue, que ce soit en studio ou sur place, suivie de la s\u00e9lection conjointe de l\u2019image et du traitement ult\u00e9rieur de la photo souhait\u00e9e.\nCela cr\u00e9e un travail qui est adapt\u00e9 individuellement \u00e0 vous.       <\/em><\/span><\/p>\n\n<p><span style=\"font-size: 18px;\"><em>Le d\u00e9lai d\u2019une journ\u00e9e fait r\u00e9f\u00e9rence \u00e0 l\u2019ensemble du projet, de la discussion pr\u00e9liminaire au traitement.\nBien s\u00fbr, il est pr\u00e9f\u00e9rable que la discussion pr\u00e9liminaire ait lieu quelques jours avant le tournage, afin que nous puissions nous pr\u00e9parer ensemble \u00e0 cette belle exp\u00e9rience.\n\u00c9galement possible en option avec maquilleuse.    <\/em><\/span><\/p>\n\n<p>Portraits d\u2019entreprise individuels Comme ces photos <strong>d\u2019entreprise <\/strong>pour le <a rel=\"noreferrer noopener\" href=\"https:\/\/bechmannbewegt.com\/\" target=\"_blank\">cabinet de psychoth\u00e9rapie Bechmann<\/a>, les photos doivent correspondre \u00e0 la touche nordique amicale du nouveau site Web. La \u00ab\u00a0photo de sorci\u00e8re\u00a0\u00bb \u00e9tait une id\u00e9e spontan\u00e9e, compl\u00e8tement inhabituelle comme photo d\u2019entreprise, avec la d\u00e9claration: Je ne peux pas faire de sorcellerie, mais ensemble nous pouvons vous aider\u00a0\u00bb J\u2019ai trouv\u00e9 une id\u00e9e extraordinaire et comme le dit le retour d\u2019elle, les photos sont g\u00e9niales.  <\/p>\n\n<div class=\"wp-block-jetpack-tiled-gallery aligncenter is-style-rectangular\"><div class=\"\"><div class=\"tiled-gallery__gallery\"><div class=\"tiled-gallery__row\"><div class=\"tiled-gallery__col\" style=\"flex-basis:22.23238%\"><figure class=\"tiled-gallery__item\"><img decoding=\"async\" role=\"button\" tabindex=\"0\" aria-label=\"Ouvrir l\u2019image 1 sur 4 en plein \u00e9cran\"srcset=\"https:\/\/i0.wp.com\/www.light-style.eu\/studiosite\/wp-content\/uploads\/2021\/02\/business-portraets-5.jpg?strip=info&#038;w=600&#038;ssl=1 600w,https:\/\/i0.wp.com\/www.light-style.eu\/studiosite\/wp-content\/uploads\/2021\/02\/business-portraets-5.jpg?strip=info&#038;w=800&#038;ssl=1 800w\" alt=\"Portraits d\u2019entreprises\" data-height=\"1200\" data-id=\"45868\" data-link=\"https:\/\/www.light-style.eu\/bonjour\/warum-sind-wir-anders\/willkommen\/werbe-businessfotografie\/business-portraets\/bi20b0112-1\/\" data-url=\"https:\/\/www.light-style.eu\/studiosite\/wp-content\/uploads\/2021\/02\/business-portraets-5.jpg\" data-width=\"800\" src=\"https:\/\/i0.wp.com\/www.light-style.eu\/studiosite\/wp-content\/uploads\/2021\/02\/business-portraets-5.jpg?ssl=1\" data-amp-layout=\"responsive\"><\/figure><\/div><div class=\"tiled-gallery__col\" style=\"flex-basis:22.23238%\"><figure class=\"tiled-gallery__item\"><img decoding=\"async\" role=\"button\" tabindex=\"0\" aria-label=\"Ouvrir l\u2019image 2 sur 4 en plein \u00e9cran\"srcset=\"https:\/\/i0.wp.com\/www.light-style.eu\/studiosite\/wp-content\/uploads\/2021\/02\/business-portraets-4.jpg?strip=info&#038;w=600&#038;ssl=1 600w,https:\/\/i0.wp.com\/www.light-style.eu\/studiosite\/wp-content\/uploads\/2021\/02\/business-portraets-4.jpg?strip=info&#038;w=800&#038;ssl=1 800w\" alt=\"Portraits d\u2019entreprises\" data-height=\"1200\" data-id=\"45869\" data-link=\"https:\/\/www.light-style.eu\/bonjour\/warum-sind-wir-anders\/willkommen\/werbe-businessfotografie\/business-portraets\/bi20b0112-2\/\" data-url=\"https:\/\/www.light-style.eu\/studiosite\/wp-content\/uploads\/2021\/02\/business-portraets-4.jpg\" data-width=\"800\" src=\"https:\/\/i0.wp.com\/www.light-style.eu\/studiosite\/wp-content\/uploads\/2021\/02\/business-portraets-4.jpg?ssl=1\" data-amp-layout=\"responsive\"><\/figure><\/div><div class=\"tiled-gallery__col\" style=\"flex-basis:22.23238%\"><figure class=\"tiled-gallery__item\"><img decoding=\"async\" role=\"button\" tabindex=\"0\" aria-label=\"Ouvrir l\u2019image 3 sur 4 en plein \u00e9cran\"srcset=\"https:\/\/i0.wp.com\/www.light-style.eu\/studiosite\/wp-content\/uploads\/2021\/02\/business-portraets-3.jpg?strip=info&#038;w=600&#038;ssl=1 600w,https:\/\/i0.wp.com\/www.light-style.eu\/studiosite\/wp-content\/uploads\/2021\/02\/business-portraets-3.jpg?strip=info&#038;w=800&#038;ssl=1 800w\" alt=\"Portraits d\u2019entreprises\" data-height=\"1200\" data-id=\"45870\" data-link=\"https:\/\/www.light-style.eu\/bonjour\/warum-sind-wir-anders\/willkommen\/werbe-businessfotografie\/business-portraets\/bi21b0101-99-2\/\" data-url=\"https:\/\/www.light-style.eu\/studiosite\/wp-content\/uploads\/2021\/02\/business-portraets-3.jpg\" data-width=\"800\" src=\"https:\/\/i0.wp.com\/www.light-style.eu\/studiosite\/wp-content\/uploads\/2021\/02\/business-portraets-3.jpg?ssl=1\" data-amp-layout=\"responsive\"><\/figure><\/div><div class=\"tiled-gallery__col\" style=\"flex-basis:33.30285%\"><figure class=\"tiled-gallery__item\"><img decoding=\"async\" role=\"button\" tabindex=\"0\" aria-label=\"Ouvrir l\u2019image 4 sur 4 en plein \u00e9cran\"srcset=\"https:\/\/i0.wp.com\/www.light-style.eu\/studiosite\/wp-content\/uploads\/2021\/02\/business-portraets-2.jpg?strip=info&#038;w=600&#038;ssl=1 600w,https:\/\/i0.wp.com\/www.light-style.eu\/studiosite\/wp-content\/uploads\/2021\/02\/business-portraets-2.jpg?strip=info&#038;w=900&#038;ssl=1 900w,https:\/\/i0.wp.com\/www.light-style.eu\/studiosite\/wp-content\/uploads\/2021\/02\/business-portraets-2.jpg?strip=info&#038;w=1200&#038;ssl=1 1200w\" alt=\"Portraits d\u2019entreprises\" data-height=\"1200\" data-id=\"45871\" data-link=\"https:\/\/www.light-style.eu\/bonjour\/warum-sind-wir-anders\/willkommen\/werbe-businessfotografie\/business-portraets\/bi21b0101-99-2-2\/\" data-url=\"https:\/\/www.light-style.eu\/studiosite\/wp-content\/uploads\/2021\/02\/business-portraets-2.jpg\" data-width=\"1200\" src=\"https:\/\/i0.wp.com\/www.light-style.eu\/studiosite\/wp-content\/uploads\/2021\/02\/business-portraets-2.jpg?ssl=1\" data-amp-layout=\"responsive\"><\/figure><\/div><\/div><\/div><\/div><\/div>\n\n<p class=\"has-background\" style=\"background-color:#e3cda0\"><span style=\"font-size: 21px;\"><em>Les photos d\u2019application peuvent \u00eatre des portraits d\u2019entreprise, \u00e0 condition que le photographe ait accord\u00e9 les droits d\u2019utilisation \u00e9tendus et approuv\u00e9 la publication.\nEn r\u00e8gle g\u00e9n\u00e9rale, ce droit n\u2019est pas accord\u00e9. <a rel=\"noopener noreferrer\" href=\"http:\/\/hoesmann.eu\/rechtsgebiete\/urheberrecht\/faq-foto-und-urheberrecht\/\" target=\"_blank\">(Infos sur le droit d\u2019auteur),<\/a> parlez-nous simplement de nous-en.   <\/em><\/span>La seule photo qui n\u2019est pas prot\u00e9g\u00e9e par la loi sur le droit d\u2019auteur est votre photo de passeport.\nParce que le l\u00e9gislateur dit \u00e0 juste titre, pas de travail cr\u00e9atif \ud83d\ude09 <\/p>\n\n<p class=\"has-background\" style=\"background-color:#dbbd8a\"><em><span style=\"font-size: 21px;\">Pour les portraits d\u2019entreprise et les photos publicitaires, cela est bien s\u00fbr requis et \u00e9galement approuv\u00e9 par \u00e9crit.\nBien entendu, nous stockons gratuitement pour vous vos portraits d\u2019entreprise pendant plusieurs ann\u00e9es. <\/span> <\/em><\/p>\n\n<figure class=\"wp-block-gallery has-nested-images columns-4 is-cropped wp-block-gallery-1 is-layout-flex wp-block-gallery-is-layout-flex\">\n<figure class=\"wp-block-image size-large\"><img data-recalc-dims=\"1\" loading=\"lazy\" decoding=\"async\" width=\"800\" height=\"1200\" data-id=\"33724\" src=\"https:\/\/i0.wp.com\/www.light-style.eu\/studiosite\/wp-content\/uploads\/2020\/07\/business-portraits-2.jpg?resize=800%2C1200&#038;ssl=1\" alt=\"Portraits d&#x2019;entreprises\" class=\"wp-image-33724\" srcset=\"https:\/\/i0.wp.com\/www.light-style.eu\/studiosite\/wp-content\/uploads\/2020\/07\/business-portraits-2.jpg?w=200&amp;ssl=1 200w, https:\/\/i0.wp.com\/www.light-style.eu\/studiosite\/wp-content\/uploads\/2020\/07\/business-portraits-2.jpg?w=768&amp;ssl=1 768w, https:\/\/i0.wp.com\/www.light-style.eu\/studiosite\/wp-content\/uploads\/2020\/07\/business-portraits-2.jpg?w=600&amp;ssl=1 600w, https:\/\/i0.wp.com\/www.light-style.eu\/studiosite\/wp-content\/uploads\/2020\/07\/business-portraits-2.jpg?w=800&amp;ssl=1 800w\" sizes=\"auto, (max-width: 800px) 100vw, 800px\" \/><\/figure>\n\n\n\n<figure class=\"wp-block-image size-large\"><img data-recalc-dims=\"1\" loading=\"lazy\" decoding=\"async\" width=\"800\" height=\"1200\" data-id=\"33726\" src=\"https:\/\/i0.wp.com\/www.light-style.eu\/studiosite\/wp-content\/uploads\/2020\/07\/business-portraits-4.jpg?resize=800%2C1200&#038;ssl=1\" alt=\"Portraits d&#x2019;entreprises\" class=\"wp-image-33726\" srcset=\"https:\/\/i0.wp.com\/www.light-style.eu\/studiosite\/wp-content\/uploads\/2020\/07\/business-portraits-4.jpg?w=200&amp;ssl=1 200w, https:\/\/i0.wp.com\/www.light-style.eu\/studiosite\/wp-content\/uploads\/2020\/07\/business-portraits-4.jpg?w=768&amp;ssl=1 768w, https:\/\/i0.wp.com\/www.light-style.eu\/studiosite\/wp-content\/uploads\/2020\/07\/business-portraits-4.jpg?w=600&amp;ssl=1 600w, https:\/\/i0.wp.com\/www.light-style.eu\/studiosite\/wp-content\/uploads\/2020\/07\/business-portraits-4.jpg?w=800&amp;ssl=1 800w\" sizes=\"auto, (max-width: 800px) 100vw, 800px\" \/><\/figure>\n\n\n\n<figure class=\"wp-block-image size-large\"><img data-recalc-dims=\"1\" loading=\"lazy\" decoding=\"async\" width=\"800\" height=\"1200\" data-id=\"33728\" src=\"https:\/\/i0.wp.com\/www.light-style.eu\/studiosite\/wp-content\/uploads\/2020\/07\/business-portraits-6.jpg?resize=800%2C1200&#038;ssl=1\" alt=\"Portraits d&#x2019;entreprises\" class=\"wp-image-33728\" srcset=\"https:\/\/i0.wp.com\/www.light-style.eu\/studiosite\/wp-content\/uploads\/2020\/07\/business-portraits-6.jpg?w=200&amp;ssl=1 200w, https:\/\/i0.wp.com\/www.light-style.eu\/studiosite\/wp-content\/uploads\/2020\/07\/business-portraits-6.jpg?w=768&amp;ssl=1 768w, https:\/\/i0.wp.com\/www.light-style.eu\/studiosite\/wp-content\/uploads\/2020\/07\/business-portraits-6.jpg?w=600&amp;ssl=1 600w, https:\/\/i0.wp.com\/www.light-style.eu\/studiosite\/wp-content\/uploads\/2020\/07\/business-portraits-6.jpg?w=800&amp;ssl=1 800w\" sizes=\"auto, (max-width: 800px) 100vw, 800px\" \/><\/figure>\n\n\n\n<figure class=\"wp-block-image size-large\"><img data-recalc-dims=\"1\" loading=\"lazy\" decoding=\"async\" width=\"980\" height=\"653\" data-id=\"33730\" src=\"https:\/\/i0.wp.com\/www.light-style.eu\/studiosite\/wp-content\/uploads\/2020\/07\/business-portraits-8.jpg?resize=980%2C653&#038;ssl=1\" alt=\"Portraits d&#x2019;entreprises\" class=\"wp-image-33730\" srcset=\"https:\/\/i0.wp.com\/www.light-style.eu\/studiosite\/wp-content\/uploads\/2020\/07\/business-portraits-8.jpg?w=300&amp;ssl=1 300w, https:\/\/i0.wp.com\/www.light-style.eu\/studiosite\/wp-content\/uploads\/2020\/07\/business-portraits-8.jpg?w=768&amp;ssl=1 768w, https:\/\/i0.wp.com\/www.light-style.eu\/studiosite\/wp-content\/uploads\/2020\/07\/business-portraits-8.jpg?w=600&amp;ssl=1 600w, https:\/\/i0.wp.com\/www.light-style.eu\/studiosite\/wp-content\/uploads\/2020\/07\/business-portraits-8.jpg?w=1200&amp;ssl=1 1200w\" sizes=\"auto, (max-width: 980px) 100vw, 980px\" \/><\/figure>\n<figcaption class=\"blocks-gallery-caption wp-element-caption\">Le grand musicien Keith Sanders, qui le conna\u00eet, conna\u00eet aussi la 3\u00e8me photo \u00e0 partir de la gauche, elle est blasonn\u00e9e en surdimensionn\u00e9 sur son bus de tourn\u00e9e \ud83d\ude09<\/figcaption><\/figure>\n\n<figure class=\"wp-block-image aligncenter is-style-default\"><a href=\"https:\/\/www.light-style.eu\/bonjour\/willkommen\/werbe-businessfotografie\/business-portraets\/bi14h0102-173\/\"><img data-recalc-dims=\"1\" height=\"300\" width=\"200\" decoding=\"async\" src=\"https:\/\/i0.wp.com\/www.light-style.eu\/studiosite\/wp-content\/uploads\/2016\/09\/business-portr%C3%A4ts-5-200x300.jpg?resize=200%2C300&#038;ssl=1\" alt=\"Portraits d&#x2019;entreprises\" class=\"wp-image-626\"\/><\/a><\/figure>\n\n<p class=\"has-text-align-center\" style=\"font-size:19px\"><strong><em><a href=\"https:\/\/www.light-style.eu\/fr\/photographie\/prenez-rendez-vous-maintenant\/\">Prenez rendez-vous en ligne d\u00e8s maintenant, o\u00f9 vous pouvez \u00e9galement consulter nos tarifs<\/a><\/em><\/strong><\/p>\n\n<p class=\"has-text-align-center\">S\u2019il y a des questions, par exemple des portraits pour plusieurs employ\u00e9s, etc., appelez-nous.<\/p>\n","protected":false},"excerpt":{"rendered":"<p>Sur la voie de la r\u00e9ussite professionnelle Qui ne le sait pas ? Vous naviguez sur le site web de l\u2019entreprise ou sur l\u2019intranet et souriez aux photos \u00ab int\u00e9ressantes \u00bb de vos coll\u00e8gues. Votre portrait d\u2019entreprise \u2013 la premi\u00e8re impression qui dure ! \u00ab Un portrait d\u2019entreprise convaincant est plus qu\u2019une simple photo, c\u2019est&hellip;<\/p>\n","protected":false},"author":1,"featured_media":0,"parent":66973,"menu_order":1,"comment_status":"closed","ping_status":"closed","template":"","meta":{"advanced_seo_description":"","jetpack_seo_html_title":"","jetpack_seo_noindex":false,"ngg_post_thumbnail":0,"footnotes":""},"class_list":["post-67176","page","type-page","status-publish","hentry","entry","no-media"],"jetpack_likes_enabled":true,"jetpack_sharing_enabled":true,"_links":{"self":[{"href":"https:\/\/www.light-style.eu\/fr\/wp-json\/wp\/v2\/pages\/67176","targetHints":{"allow":["GET"]}}],"collection":[{"href":"https:\/\/www.light-style.eu\/fr\/wp-json\/wp\/v2\/pages"}],"about":[{"href":"https:\/\/www.light-style.eu\/fr\/wp-json\/wp\/v2\/types\/page"}],"author":[{"embeddable":true,"href":"https:\/\/www.light-style.eu\/fr\/wp-json\/wp\/v2\/users\/1"}],"replies":[{"embeddable":true,"href":"https:\/\/www.light-style.eu\/fr\/wp-json\/wp\/v2\/comments?post=67176"}],"version-history":[{"count":0,"href":"https:\/\/www.light-style.eu\/fr\/wp-json\/wp\/v2\/pages\/67176\/revisions"}],"up":[{"embeddable":true,"href":"https:\/\/www.light-style.eu\/fr\/wp-json\/wp\/v2\/pages\/66973"}],"wp:attachment":[{"href":"https:\/\/www.light-style.eu\/fr\/wp-json\/wp\/v2\/media?parent=67176"}],"curies":[{"name":"wp","href":"https:\/\/api.w.org\/{rel}","templated":true}]}}